{"id":14793,"date":"2025-03-29T12:06:54","date_gmt":"2025-03-29T11:06:54","guid":{"rendered":"https:\/\/www.saldac.ch\/?page_id=14793"},"modified":"2025-09-08T14:55:39","modified_gmt":"2025-09-08T12:55:39","slug":"blog","status":"publish","type":"page","link":"https:\/\/www.saldac.ch\/de\/blog\/","title":{"rendered":"Blog"},"content":{"rendered":"<a title=\"Alimentation bio\" href=\"https:\/\/www.saldac.ch\/de\/\">Startseite<\/a> \u00bb Blog Bio\n<div class=\"row\"  id=\"row-335507325\">\n\n\t<div id=\"col-858835627\" class=\"col medium-12 small-12 large-12\"  >\n\t\t\t\t<div class=\"col-inner\"  >\n\t\t\t\n\t\t\t\n\t<div id=\"text-3111998207\" class=\"text\">\n\t\t\n<h1 class=\"uppercase\">Fairer Bio-Blog<\/h1>\n\t\t\n<style>\n#text-3111998207 {\n  font-size: 1.75rem;\n  text-align: center;\n  color: rgb(0, 0, 0);\n}\n#text-3111998207 > * {\n  color: rgb(0, 0, 0);\n}\n<\/style>\n\t<\/div>\n\t\n\t<div id=\"text-499747727\" class=\"text\">\n\t\t\n<p>Wir glauben an einen fairen Handel, der Produzenten, Konsumenten und den Planeten respektiert. Dieser Blog ist ein Raum f\u00fcr alle, die mehr \u00fcber die Herkunft unserer Produkte, unser ethisches Engagement und die Bedeutung des fairen Bio-Handels erfahren m\u00f6chten.<br \/>\n\t\t\n<style>\n#text-499747727 {\n  text-align: center;\n  color: rgb(0,0,0);\n}\n#text-499747727 > * {\n  color: rgb(0,0,0);\n}\n<\/style>\n\t<\/div>\n\t\n\t\t<\/div>\n\t\t\t\t\t<\/div>\n\n\t\n<\/div>\n\n\t<div id=\"text-2553877196\" class=\"text\">\n\t\t\n<h2 class=\"uppercase\">Neueste Artikel<\/h2>\n\t\t\n<style>\n#text-2553877196 {\n  font-size: 1.6rem;\n  line-height: 2.15;\n  text-align: center;\n  color: rgb(0,0,0);\n}\n#text-2553877196 > * {\n  color: rgb(0,0,0);\n}\n@media (min-width:850px) {\n  #text-2553877196 {\n    text-align: center;\n  }\n}\n<\/style>\n\t<\/div>\n\t\n<div class=\"row row-small\"  id=\"row-231451600\">\n\n\t<div id=\"col-1200533814\" class=\"col small-12 large-12\"  >\n\t\t\t\t<div class=\"col-inner\"  >\n\t\t\t\n\t\t\t\n\n  \n    <div id=\"row-437410314\" class=\"row large-columns-2 medium-columns-2 small-columns-1 has-shadow row-box-shadow-2 row-masonry\" data-packery-options='{\"itemSelector\": \".col\", \"gutter\": 0, \"presentageWidth\" : true}'>\n\n  <div class=\"col post-item\" >\n\t\t\t<div class=\"col-inner\">\n\t\t\t\t<div class=\"box box-text-bottom box-blog-post has-hover\">\n            \t\t\t\t\t<div class=\"box-image\" >\n  \t\t\t\t\t\t<div class=\"image-cover\" style=\"padding-top:40%;\">\n\t\t\t\t\t\t\t<a href=\"https:\/\/www.saldac.ch\/de\/agriculture-durable\/\" class=\"plain\" aria-label=\"Agriculture durable : d\u00e9finition et pratiques pour passer \u00e0 l&rsquo;action\">\n\t\t\t\t\t\t\t\t<img loading=\"lazy\" decoding=\"async\" width=\"1800\" height=\"700\" src=\"https:\/\/www.saldac.ch\/wp-content\/uploads\/2026\/02\/agriculture-durable.webp\" class=\"attachment-original size-original wp-post-image\" alt=\"Agriculture durable\" srcset=\"https:\/\/www.saldac.ch\/wp-content\/uploads\/2026\/02\/agriculture-durable.webp 1800w, https:\/\/www.saldac.ch\/wp-content\/uploads\/2026\/02\/agriculture-durable-300x117.webp 300w, https:\/\/www.saldac.ch\/wp-content\/uploads\/2026\/02\/agriculture-durable-1030x401.webp 1030w, https:\/\/www.saldac.ch\/wp-content\/uploads\/2026\/02\/agriculture-durable-768x299.webp 768w, https:\/\/www.saldac.ch\/wp-content\/uploads\/2026\/02\/agriculture-durable-1536x597.webp 1536w, https:\/\/www.saldac.ch\/wp-content\/uploads\/2026\/02\/agriculture-durable-18x7.webp 18w, https:\/\/www.saldac.ch\/wp-content\/uploads\/2026\/02\/agriculture-durable-450x175.webp 450w, https:\/\/www.saldac.ch\/wp-content\/uploads\/2026\/02\/agriculture-durable-800x311.webp 800w\" sizes=\"(max-width: 1800px) 100vw, 1800px\" \/>\t\t\t\t\t\t\t<\/a>\n  \t\t\t\t\t\t\t  \t\t\t\t\t\t\t  \t\t\t\t\t\t<\/div>\n  \t\t\t\t\t\t  \t\t\t\t\t<\/div>\n          \t\t\t\t\t<div class=\"box-text text-center is-large\" >\n\t\t\t\t\t<div class=\"box-text-inner blog-post-inner\">\n\n\t\t\t\t\t\n\t\t\t\t\t\t\t\t\t\t<h5 class=\"post-title is-large\">\n\t\t\t\t\t\t<a href=\"https:\/\/www.saldac.ch\/de\/agriculture-durable\/\" class=\"plain\">Agriculture durable : d\u00e9finition et pratiques pour passer \u00e0 l&rsquo;action<\/a>\n\t\t\t\t\t<\/h5>\n\t\t\t\t\t\t\t\t\t\t<div class=\"is-divider\"><\/div>\n\t\t\t\t\t\t\t\t\t\t<p class=\"from_the_blog_excerpt\">\n\t\t\t\t\t\t\t\t\t\t\t<\/p>\n\t\t\t\t\t                    \n\t\t\t\t\t\n\t\t\t\t\t\n\t\t\t\t\t<\/div>\n\t\t\t\t\t<\/div>\n\t\t\t\t\t\t\t\t\t<\/div>\n\t\t\t<\/div>\n\t\t<\/div><div class=\"col post-item\" >\n\t\t\t<div class=\"col-inner\">\n\t\t\t\t<div class=\"box box-text-bottom box-blog-post has-hover\">\n            \t\t\t\t\t<div class=\"box-image\" >\n  \t\t\t\t\t\t<div class=\"image-cover\" style=\"padding-top:40%;\">\n\t\t\t\t\t\t\t<a href=\"https:\/\/www.saldac.ch\/de\/deforestation-importee\/\" class=\"plain\" aria-label=\"D\u00e9forestation import\u00e9e : comprendre le probl\u00e8me et agir\">\n\t\t\t\t\t\t\t\t<img loading=\"lazy\" decoding=\"async\" width=\"1800\" height=\"700\" src=\"https:\/\/www.saldac.ch\/wp-content\/uploads\/2026\/02\/deforestation-importee.webp\" class=\"attachment-original size-original wp-post-image\" alt=\"D\u00e9forestation import\u00e9e\" srcset=\"https:\/\/www.saldac.ch\/wp-content\/uploads\/2026\/02\/deforestation-importee.webp 1800w, https:\/\/www.saldac.ch\/wp-content\/uploads\/2026\/02\/deforestation-importee-300x117.webp 300w, https:\/\/www.saldac.ch\/wp-content\/uploads\/2026\/02\/deforestation-importee-1030x401.webp 1030w, https:\/\/www.saldac.ch\/wp-content\/uploads\/2026\/02\/deforestation-importee-768x299.webp 768w, https:\/\/www.saldac.ch\/wp-content\/uploads\/2026\/02\/deforestation-importee-1536x597.webp 1536w, https:\/\/www.saldac.ch\/wp-content\/uploads\/2026\/02\/deforestation-importee-18x7.webp 18w, https:\/\/www.saldac.ch\/wp-content\/uploads\/2026\/02\/deforestation-importee-450x175.webp 450w, https:\/\/www.saldac.ch\/wp-content\/uploads\/2026\/02\/deforestation-importee-800x311.webp 800w\" sizes=\"(max-width: 1800px) 100vw, 1800px\" \/>\t\t\t\t\t\t\t<\/a>\n  \t\t\t\t\t\t\t  \t\t\t\t\t\t\t  \t\t\t\t\t\t<\/div>\n  \t\t\t\t\t\t  \t\t\t\t\t<\/div>\n          \t\t\t\t\t<div class=\"box-text text-center is-large\" >\n\t\t\t\t\t<div class=\"box-text-inner blog-post-inner\">\n\n\t\t\t\t\t\n\t\t\t\t\t\t\t\t\t\t<h5 class=\"post-title is-large\">\n\t\t\t\t\t\t<a href=\"https:\/\/www.saldac.ch\/de\/deforestation-importee\/\" class=\"plain\">D\u00e9forestation import\u00e9e : comprendre le probl\u00e8me et agir<\/a>\n\t\t\t\t\t<\/h5>\n\t\t\t\t\t\t\t\t\t\t<div class=\"is-divider\"><\/div>\n\t\t\t\t\t\t\t\t\t\t<p class=\"from_the_blog_excerpt\">\n\t\t\t\t\t\t\t\t\t\t\t<\/p>\n\t\t\t\t\t                    \n\t\t\t\t\t\n\t\t\t\t\t\n\t\t\t\t\t<\/div>\n\t\t\t\t\t<\/div>\n\t\t\t\t\t\t\t\t\t<\/div>\n\t\t\t<\/div>\n\t\t<\/div><div class=\"col post-item\" >\n\t\t\t<div class=\"col-inner\">\n\t\t\t\t<div class=\"box box-text-bottom box-blog-post has-hover\">\n            \t\t\t\t\t<div class=\"box-image\" >\n  \t\t\t\t\t\t<div class=\"image-cover\" style=\"padding-top:40%;\">\n\t\t\t\t\t\t\t<a href=\"https:\/\/www.saldac.ch\/de\/chocolat-durable\/\" class=\"plain\" aria-label=\"Chocolat durable: comprendre les labels et choisir en toute confiance\">\n\t\t\t\t\t\t\t\t<img loading=\"lazy\" decoding=\"async\" width=\"1800\" height=\"700\" src=\"https:\/\/www.saldac.ch\/wp-content\/uploads\/2026\/02\/chocolat-durable.webp\" class=\"attachment-original size-original wp-post-image\" alt=\"Chocolat durable\" srcset=\"https:\/\/www.saldac.ch\/wp-content\/uploads\/2026\/02\/chocolat-durable.webp 1800w, https:\/\/www.saldac.ch\/wp-content\/uploads\/2026\/02\/chocolat-durable-300x117.webp 300w, https:\/\/www.saldac.ch\/wp-content\/uploads\/2026\/02\/chocolat-durable-1030x401.webp 1030w, https:\/\/www.saldac.ch\/wp-content\/uploads\/2026\/02\/chocolat-durable-768x299.webp 768w, https:\/\/www.saldac.ch\/wp-content\/uploads\/2026\/02\/chocolat-durable-1536x597.webp 1536w, https:\/\/www.saldac.ch\/wp-content\/uploads\/2026\/02\/chocolat-durable-18x7.webp 18w, https:\/\/www.saldac.ch\/wp-content\/uploads\/2026\/02\/chocolat-durable-450x175.webp 450w, https:\/\/www.saldac.ch\/wp-content\/uploads\/2026\/02\/chocolat-durable-800x311.webp 800w\" sizes=\"(max-width: 1800px) 100vw, 1800px\" \/>\t\t\t\t\t\t\t<\/a>\n  \t\t\t\t\t\t\t  \t\t\t\t\t\t\t  \t\t\t\t\t\t<\/div>\n  \t\t\t\t\t\t  \t\t\t\t\t<\/div>\n          \t\t\t\t\t<div class=\"box-text text-center is-large\" >\n\t\t\t\t\t<div class=\"box-text-inner blog-post-inner\">\n\n\t\t\t\t\t\n\t\t\t\t\t\t\t\t\t\t<h5 class=\"post-title is-large\">\n\t\t\t\t\t\t<a href=\"https:\/\/www.saldac.ch\/de\/chocolat-durable\/\" class=\"plain\">Chocolat durable: comprendre les labels et choisir en toute confiance<\/a>\n\t\t\t\t\t<\/h5>\n\t\t\t\t\t\t\t\t\t\t<div class=\"is-divider\"><\/div>\n\t\t\t\t\t\t\t\t\t\t<p class=\"from_the_blog_excerpt\">\n\t\t\t\t\t\t\t\t\t\t\t<\/p>\n\t\t\t\t\t                    \n\t\t\t\t\t\n\t\t\t\t\t\n\t\t\t\t\t<\/div>\n\t\t\t\t\t<\/div>\n\t\t\t\t\t\t\t\t\t<\/div>\n\t\t\t<\/div>\n\t\t<\/div><div class=\"col post-item\" >\n\t\t\t<div class=\"col-inner\">\n\t\t\t\t<div class=\"box box-text-bottom box-blog-post has-hover\">\n            \t\t\t\t\t<div class=\"box-image\" >\n  \t\t\t\t\t\t<div class=\"image-cover\" style=\"padding-top:40%;\">\n\t\t\t\t\t\t\t<a href=\"https:\/\/www.saldac.ch\/de\/amarante\/\" class=\"plain\" aria-label=\"Amarante : nutrition et pr\u00e9cautions pour bien la choisir\">\n\t\t\t\t\t\t\t\t<img loading=\"lazy\" decoding=\"async\" width=\"1800\" height=\"700\" src=\"https:\/\/www.saldac.ch\/wp-content\/uploads\/2026\/02\/amarante.webp\" class=\"attachment-original size-original wp-post-image\" alt=\"Amarante : usages et pr\u00e9cautions\" srcset=\"https:\/\/www.saldac.ch\/wp-content\/uploads\/2026\/02\/amarante.webp 1800w, https:\/\/www.saldac.ch\/wp-content\/uploads\/2026\/02\/amarante-300x117.webp 300w, https:\/\/www.saldac.ch\/wp-content\/uploads\/2026\/02\/amarante-1030x401.webp 1030w, https:\/\/www.saldac.ch\/wp-content\/uploads\/2026\/02\/amarante-768x299.webp 768w, https:\/\/www.saldac.ch\/wp-content\/uploads\/2026\/02\/amarante-1536x597.webp 1536w, https:\/\/www.saldac.ch\/wp-content\/uploads\/2026\/02\/amarante-18x7.webp 18w, https:\/\/www.saldac.ch\/wp-content\/uploads\/2026\/02\/amarante-450x175.webp 450w, https:\/\/www.saldac.ch\/wp-content\/uploads\/2026\/02\/amarante-800x311.webp 800w\" sizes=\"(max-width: 1800px) 100vw, 1800px\" \/>\t\t\t\t\t\t\t<\/a>\n  \t\t\t\t\t\t\t  \t\t\t\t\t\t\t  \t\t\t\t\t\t<\/div>\n  \t\t\t\t\t\t  \t\t\t\t\t<\/div>\n          \t\t\t\t\t<div class=\"box-text text-center is-large\" >\n\t\t\t\t\t<div class=\"box-text-inner blog-post-inner\">\n\n\t\t\t\t\t\n\t\t\t\t\t\t\t\t\t\t<h5 class=\"post-title is-large\">\n\t\t\t\t\t\t<a href=\"https:\/\/www.saldac.ch\/de\/amarante\/\" class=\"plain\">Amarante : nutrition et pr\u00e9cautions pour bien la choisir<\/a>\n\t\t\t\t\t<\/h5>\n\t\t\t\t\t\t\t\t\t\t<div class=\"is-divider\"><\/div>\n\t\t\t\t\t\t\t\t\t\t<p class=\"from_the_blog_excerpt\">\n\t\t\t\t\t\t\t\t\t\t\t<\/p>\n\t\t\t\t\t                    \n\t\t\t\t\t\n\t\t\t\t\t\n\t\t\t\t\t<\/div>\n\t\t\t\t\t<\/div>\n\t\t\t\t\t\t\t\t\t<\/div>\n\t\t\t<\/div>\n\t\t<\/div><div class=\"col post-item\" >\n\t\t\t<div class=\"col-inner\">\n\t\t\t\t<div class=\"box box-text-bottom box-blog-post has-hover\">\n            \t\t\t\t\t<div class=\"box-image\" >\n  \t\t\t\t\t\t<div class=\"image-cover\" style=\"padding-top:40%;\">\n\t\t\t\t\t\t\t<a href=\"https:\/\/www.saldac.ch\/de\/souverainete-alimentaire\/\" class=\"plain\" aria-label=\"Souverainet\u00e9 alimentaire : d\u00e9finition, piliers et enjeux\">\n\t\t\t\t\t\t\t\t<img loading=\"lazy\" decoding=\"async\" width=\"1800\" height=\"700\" src=\"https:\/\/www.saldac.ch\/wp-content\/uploads\/2026\/02\/souverainete-alimentaire.webp\" class=\"attachment-original size-original wp-post-image\" alt=\"Souverainet\u00e9 alimentaire\" srcset=\"https:\/\/www.saldac.ch\/wp-content\/uploads\/2026\/02\/souverainete-alimentaire.webp 1800w, https:\/\/www.saldac.ch\/wp-content\/uploads\/2026\/02\/souverainete-alimentaire-300x117.webp 300w, https:\/\/www.saldac.ch\/wp-content\/uploads\/2026\/02\/souverainete-alimentaire-1030x401.webp 1030w, https:\/\/www.saldac.ch\/wp-content\/uploads\/2026\/02\/souverainete-alimentaire-768x299.webp 768w, https:\/\/www.saldac.ch\/wp-content\/uploads\/2026\/02\/souverainete-alimentaire-1536x597.webp 1536w, https:\/\/www.saldac.ch\/wp-content\/uploads\/2026\/02\/souverainete-alimentaire-18x7.webp 18w, https:\/\/www.saldac.ch\/wp-content\/uploads\/2026\/02\/souverainete-alimentaire-450x175.webp 450w, https:\/\/www.saldac.ch\/wp-content\/uploads\/2026\/02\/souverainete-alimentaire-800x311.webp 800w\" sizes=\"(max-width: 1800px) 100vw, 1800px\" \/>\t\t\t\t\t\t\t<\/a>\n  \t\t\t\t\t\t\t  \t\t\t\t\t\t\t  \t\t\t\t\t\t<\/div>\n  \t\t\t\t\t\t  \t\t\t\t\t<\/div>\n          \t\t\t\t\t<div class=\"box-text text-center is-large\" >\n\t\t\t\t\t<div class=\"box-text-inner blog-post-inner\">\n\n\t\t\t\t\t\n\t\t\t\t\t\t\t\t\t\t<h5 class=\"post-title is-large\">\n\t\t\t\t\t\t<a href=\"https:\/\/www.saldac.ch\/de\/souverainete-alimentaire\/\" class=\"plain\">Souverainet\u00e9 alimentaire : d\u00e9finition, piliers et enjeux<\/a>\n\t\t\t\t\t<\/h5>\n\t\t\t\t\t\t\t\t\t\t<div class=\"is-divider\"><\/div>\n\t\t\t\t\t\t\t\t\t\t<p class=\"from_the_blog_excerpt\">\n\t\t\t\t\t\t\t\t\t\t\t<\/p>\n\t\t\t\t\t                    \n\t\t\t\t\t\n\t\t\t\t\t\n\t\t\t\t\t<\/div>\n\t\t\t\t\t<\/div>\n\t\t\t\t\t\t\t\t\t<\/div>\n\t\t\t<\/div>\n\t\t<\/div><div class=\"col post-item\" >\n\t\t\t<div class=\"col-inner\">\n\t\t\t\t<div class=\"box box-text-bottom box-blog-post has-hover\">\n            \t\t\t\t\t<div class=\"box-image\" >\n  \t\t\t\t\t\t<div class=\"image-cover\" style=\"padding-top:40%;\">\n\t\t\t\t\t\t\t<a href=\"https:\/\/www.saldac.ch\/de\/empreinte-carbone\/\" class=\"plain\" aria-label=\"Empreinte carbone : d\u00e9finition et actions pour r\u00e9duire son impact\">\n\t\t\t\t\t\t\t\t<img loading=\"lazy\" decoding=\"async\" width=\"1800\" height=\"700\" src=\"https:\/\/www.saldac.ch\/wp-content\/uploads\/2026\/02\/empreinte-carbone.webp\" class=\"attachment-original size-original wp-post-image\" alt=\"Empreinte carbone\" srcset=\"https:\/\/www.saldac.ch\/wp-content\/uploads\/2026\/02\/empreinte-carbone.webp 1800w, https:\/\/www.saldac.ch\/wp-content\/uploads\/2026\/02\/empreinte-carbone-300x117.webp 300w, https:\/\/www.saldac.ch\/wp-content\/uploads\/2026\/02\/empreinte-carbone-1030x401.webp 1030w, https:\/\/www.saldac.ch\/wp-content\/uploads\/2026\/02\/empreinte-carbone-768x299.webp 768w, https:\/\/www.saldac.ch\/wp-content\/uploads\/2026\/02\/empreinte-carbone-1536x597.webp 1536w, https:\/\/www.saldac.ch\/wp-content\/uploads\/2026\/02\/empreinte-carbone-18x7.webp 18w, https:\/\/www.saldac.ch\/wp-content\/uploads\/2026\/02\/empreinte-carbone-450x175.webp 450w, https:\/\/www.saldac.ch\/wp-content\/uploads\/2026\/02\/empreinte-carbone-800x311.webp 800w\" sizes=\"(max-width: 1800px) 100vw, 1800px\" \/>\t\t\t\t\t\t\t<\/a>\n  \t\t\t\t\t\t\t  \t\t\t\t\t\t\t  \t\t\t\t\t\t<\/div>\n  \t\t\t\t\t\t  \t\t\t\t\t<\/div>\n          \t\t\t\t\t<div class=\"box-text text-center is-large\" >\n\t\t\t\t\t<div class=\"box-text-inner blog-post-inner\">\n\n\t\t\t\t\t\n\t\t\t\t\t\t\t\t\t\t<h5 class=\"post-title is-large\">\n\t\t\t\t\t\t<a href=\"https:\/\/www.saldac.ch\/de\/empreinte-carbone\/\" class=\"plain\">Empreinte carbone : d\u00e9finition et actions pour r\u00e9duire son impact<\/a>\n\t\t\t\t\t<\/h5>\n\t\t\t\t\t\t\t\t\t\t<div class=\"is-divider\"><\/div>\n\t\t\t\t\t\t\t\t\t\t<p class=\"from_the_blog_excerpt\">\n\t\t\t\t\t\t\t\t\t\t\t<\/p>\n\t\t\t\t\t                    \n\t\t\t\t\t\n\t\t\t\t\t\n\t\t\t\t\t<\/div>\n\t\t\t\t\t<\/div>\n\t\t\t\t\t\t\t\t\t<\/div>\n\t\t\t<\/div>\n\t\t<\/div><\/div>\n\n\t\t<\/div>\n\t\t\t\t\t<\/div>\n\n\t\n<\/div>\n\t<div id=\"text-810087338\" class=\"text\">\n\t\t\n<p class=\"uppercase\"><strong>Alle Artikel<\/strong><\/p>\n\t\t\n<style>\n#text-810087338 {\n  font-size: 1.75rem;\n  text-align: left;\n  color: rgb(0, 0, 0);\n}\n#text-810087338 > * {\n  color: rgb(0, 0, 0);\n}\n<\/style>\n\t<\/div>\n\t\n<div class=\"row row-collapse row-full-width align-center\"  id=\"row-1546731798\">\n\n\t<div id=\"col-756606352\" class=\"col medium-12 small-12 large-12\"  >\n\t\t\t\t<div class=\"col-inner\"  >\n\t\t\t\n\t\t\t\n\t\t<div id=\"ux-relay-3806378078\" class=\"ux-relay ux-relay--load-more hide-for-medium\" data-flatsome-relay=\"{&quot;postType&quot;:&quot;post&quot;,&quot;tag&quot;:&quot;blog_posts&quot;,&quot;atts&quot;:{&quot;style&quot;:&quot;default&quot;,&quot;type&quot;:&quot;row&quot;,&quot;width&quot;:&quot;full-width&quot;,&quot;columns&quot;:&quot;3&quot;,&quot;relay&quot;:&quot;load-more&quot;,&quot;relay_control_result_count&quot;:&quot;0&quot;,&quot;posts&quot;:&quot;12&quot;,&quot;order&quot;:&quot;ASC&quot;,&quot;readmore&quot;:&quot;Lire l&#039;article&quot;,&quot;readmore_color&quot;:&quot;primary&quot;,&quot;show_date&quot;:&quot;false&quot;,&quot;excerpt&quot;:&quot;false&quot;,&quot;excerpt_length&quot;:&quot;23&quot;,&quot;image_height&quot;:&quot;150px&quot;,&quot;image_size&quot;:&quot;original&quot;,&quot;visibility&quot;:&quot;hide-for-medium&quot;},&quot;currentPage&quot;:&quot;1&quot;,&quot;totalPages&quot;:6,&quot;totalPosts&quot;:66,&quot;postCount&quot;:12}\">\n\t\t\n  \n    <div class=\"row hide-for-medium large-columns-3 medium-columns- small-columns-1 row-full-width\" >\n  <div class=\"col post-item\" >\n\t\t\t<div class=\"col-inner\">\n\t\t\t\t<div class=\"box box-default box-text-bottom box-blog-post has-hover\">\n            \t\t\t\t\t<div class=\"box-image\" >\n  \t\t\t\t\t\t<div class=\"image-cover\" style=\"padding-top:150px;\">\n\t\t\t\t\t\t\t<a href=\"https:\/\/www.saldac.ch\/de\/bio\/\" class=\"plain\" aria-label=\"Qu&rsquo;est-ce que le bio ? D\u00e9finition et principes essentiels\">\n\t\t\t\t\t\t\t\t<img loading=\"lazy\" decoding=\"async\" width=\"1800\" height=\"700\" src=\"https:\/\/www.saldac.ch\/wp-content\/uploads\/2025\/03\/bio-c-est-quoi.webp\" class=\"attachment-original size-original wp-post-image\" alt=\"Qu&#039;est ce que le bio? d\u00e9couvrir sa d\u00e9finition et ses principes\" srcset=\"https:\/\/www.saldac.ch\/wp-content\/uploads\/2025\/03\/bio-c-est-quoi.webp 1800w, https:\/\/www.saldac.ch\/wp-content\/uploads\/2025\/03\/bio-c-est-quoi-300x117.webp 300w, https:\/\/www.saldac.ch\/wp-content\/uploads\/2025\/03\/bio-c-est-quoi-1030x401.webp 1030w, https:\/\/www.saldac.ch\/wp-content\/uploads\/2025\/03\/bio-c-est-quoi-768x299.webp 768w, https:\/\/www.saldac.ch\/wp-content\/uploads\/2025\/03\/bio-c-est-quoi-1536x597.webp 1536w, https:\/\/www.saldac.ch\/wp-content\/uploads\/2025\/03\/bio-c-est-quoi-450x175.webp 450w, https:\/\/www.saldac.ch\/wp-content\/uploads\/2025\/03\/bio-c-est-quoi-800x311.webp 800w\" sizes=\"(max-width: 1800px) 100vw, 1800px\" \/>\t\t\t\t\t\t\t<\/a>\n  \t\t\t\t\t\t\t  \t\t\t\t\t\t\t  \t\t\t\t\t\t<\/div>\n  \t\t\t\t\t\t  \t\t\t\t\t<\/div>\n          \t\t\t\t\t<div class=\"box-text text-center\" >\n\t\t\t\t\t<div class=\"box-text-inner blog-post-inner\">\n\n\t\t\t\t\t\n\t\t\t\t\t\t\t\t\t\t<h5 class=\"post-title is-large\">\n\t\t\t\t\t\t<a href=\"https:\/\/www.saldac.ch\/de\/bio\/\" class=\"plain\">Qu&rsquo;est-ce que le bio ? D\u00e9finition et principes essentiels<\/a>\n\t\t\t\t\t<\/h5>\n\t\t\t\t\t\t\t\t\t\t<div class=\"is-divider\"><\/div>\n\t\t\t\t\t                    \n\t\t\t\t\t\t\t\t\t\t\t<a href=\"https:\/\/www.saldac.ch\/de\/bio\/\" class=\"button primary is-outline is-small mb-0\">\n\t\t\t\t\t\t\tArtikel lesen\t\t\t\t\t\t<\/a>\n\t\t\t\t\t\n\t\t\t\t\t\n\t\t\t\t\t<\/div>\n\t\t\t\t\t<\/div>\n\t\t\t\t\t\t\t\t\t<\/div>\n\t\t\t<\/div>\n\t\t<\/div><div class=\"col post-item\" >\n\t\t\t<div class=\"col-inner\">\n\t\t\t\t<div class=\"box box-default box-text-bottom box-blog-post has-hover\">\n            \t\t\t\t\t<div class=\"box-image\" >\n  \t\t\t\t\t\t<div class=\"image-cover\" style=\"padding-top:150px;\">\n\t\t\t\t\t\t\t<a href=\"https:\/\/www.saldac.ch\/de\/commerce-equitable\/\" class=\"plain\" aria-label=\"Le commerce \u00e9quitable : D\u00e9finition, principes et impact\">\n\t\t\t\t\t\t\t\t<img loading=\"lazy\" decoding=\"async\" width=\"1800\" height=\"700\" src=\"https:\/\/www.saldac.ch\/wp-content\/uploads\/2025\/03\/commerce-equitable-origine-impact.webp\" class=\"attachment-original size-original wp-post-image\" alt=\"Commerce \u00e9quitable origine et impact\" srcset=\"https:\/\/www.saldac.ch\/wp-content\/uploads\/2025\/03\/commerce-equitable-origine-impact.webp 1800w, https:\/\/www.saldac.ch\/wp-content\/uploads\/2025\/03\/commerce-equitable-origine-impact-300x117.webp 300w, https:\/\/www.saldac.ch\/wp-content\/uploads\/2025\/03\/commerce-equitable-origine-impact-1030x401.webp 1030w, https:\/\/www.saldac.ch\/wp-content\/uploads\/2025\/03\/commerce-equitable-origine-impact-768x299.webp 768w, https:\/\/www.saldac.ch\/wp-content\/uploads\/2025\/03\/commerce-equitable-origine-impact-1536x597.webp 1536w, https:\/\/www.saldac.ch\/wp-content\/uploads\/2025\/03\/commerce-equitable-origine-impact-450x175.webp 450w, https:\/\/www.saldac.ch\/wp-content\/uploads\/2025\/03\/commerce-equitable-origine-impact-800x311.webp 800w\" sizes=\"(max-width: 1800px) 100vw, 1800px\" \/>\t\t\t\t\t\t\t<\/a>\n  \t\t\t\t\t\t\t  \t\t\t\t\t\t\t  \t\t\t\t\t\t<\/div>\n  \t\t\t\t\t\t  \t\t\t\t\t<\/div>\n          \t\t\t\t\t<div class=\"box-text text-center\" >\n\t\t\t\t\t<div class=\"box-text-inner blog-post-inner\">\n\n\t\t\t\t\t\n\t\t\t\t\t\t\t\t\t\t<h5 class=\"post-title is-large\">\n\t\t\t\t\t\t<a href=\"https:\/\/www.saldac.ch\/de\/commerce-equitable\/\" class=\"plain\">Le commerce \u00e9quitable : D\u00e9finition, principes et impact<\/a>\n\t\t\t\t\t<\/h5>\n\t\t\t\t\t\t\t\t\t\t<div class=\"is-divider\"><\/div>\n\t\t\t\t\t                    \n\t\t\t\t\t\t\t\t\t\t\t<a href=\"https:\/\/www.saldac.ch\/de\/commerce-equitable\/\" class=\"button primary is-outline is-small mb-0\">\n\t\t\t\t\t\t\tArtikel lesen\t\t\t\t\t\t<\/a>\n\t\t\t\t\t\n\t\t\t\t\t\n\t\t\t\t\t<\/div>\n\t\t\t\t\t<\/div>\n\t\t\t\t\t\t\t\t\t<\/div>\n\t\t\t<\/div>\n\t\t<\/div><div class=\"col post-item\" >\n\t\t\t<div class=\"col-inner\">\n\t\t\t\t<div class=\"box box-default box-text-bottom box-blog-post has-hover\">\n            \t\t\t\t\t<div class=\"box-image\" >\n  \t\t\t\t\t\t<div class=\"image-cover\" style=\"padding-top:150px;\">\n\t\t\t\t\t\t\t<a href=\"https:\/\/www.saldac.ch\/de\/bio-label\/\" class=\"plain\" aria-label=\"Tout savoir sur le label bio : d\u00e9finition, crit\u00e8res et labels existants\">\n\t\t\t\t\t\t\t\t<img loading=\"lazy\" decoding=\"async\" width=\"1800\" height=\"700\" src=\"https:\/\/www.saldac.ch\/wp-content\/uploads\/2025\/03\/label-biologique-c-est-quoi.webp\" class=\"attachment-original size-original wp-post-image\" alt=\"Label bio: qu&#039;est ce que c&#039;est?\" srcset=\"https:\/\/www.saldac.ch\/wp-content\/uploads\/2025\/03\/label-biologique-c-est-quoi.webp 1800w, https:\/\/www.saldac.ch\/wp-content\/uploads\/2025\/03\/label-biologique-c-est-quoi-300x117.webp 300w, https:\/\/www.saldac.ch\/wp-content\/uploads\/2025\/03\/label-biologique-c-est-quoi-1030x401.webp 1030w, https:\/\/www.saldac.ch\/wp-content\/uploads\/2025\/03\/label-biologique-c-est-quoi-768x299.webp 768w, https:\/\/www.saldac.ch\/wp-content\/uploads\/2025\/03\/label-biologique-c-est-quoi-1536x597.webp 1536w, https:\/\/www.saldac.ch\/wp-content\/uploads\/2025\/03\/label-biologique-c-est-quoi-450x175.webp 450w, https:\/\/www.saldac.ch\/wp-content\/uploads\/2025\/03\/label-biologique-c-est-quoi-800x311.webp 800w\" sizes=\"(max-width: 1800px) 100vw, 1800px\" \/>\t\t\t\t\t\t\t<\/a>\n  \t\t\t\t\t\t\t  \t\t\t\t\t\t\t  \t\t\t\t\t\t<\/div>\n  \t\t\t\t\t\t  \t\t\t\t\t<\/div>\n          \t\t\t\t\t<div class=\"box-text text-center\" >\n\t\t\t\t\t<div class=\"box-text-inner blog-post-inner\">\n\n\t\t\t\t\t\n\t\t\t\t\t\t\t\t\t\t<h5 class=\"post-title is-large\">\n\t\t\t\t\t\t<a href=\"https:\/\/www.saldac.ch\/de\/bio-label\/\" class=\"plain\">Tout savoir sur le label bio : d\u00e9finition, crit\u00e8res et labels existants<\/a>\n\t\t\t\t\t<\/h5>\n\t\t\t\t\t\t\t\t\t\t<div class=\"is-divider\"><\/div>\n\t\t\t\t\t                    \n\t\t\t\t\t\t\t\t\t\t\t<a href=\"https:\/\/www.saldac.ch\/de\/bio-label\/\" class=\"button primary is-outline is-small mb-0\">\n\t\t\t\t\t\t\tArtikel lesen\t\t\t\t\t\t<\/a>\n\t\t\t\t\t\n\t\t\t\t\t\n\t\t\t\t\t<\/div>\n\t\t\t\t\t<\/div>\n\t\t\t\t\t\t\t\t\t<\/div>\n\t\t\t<\/div>\n\t\t<\/div><div class=\"col post-item\" >\n\t\t\t<div class=\"col-inner\">\n\t\t\t\t<div class=\"box box-default box-text-bottom box-blog-post has-hover\">\n            \t\t\t\t\t<div class=\"box-image\" >\n  \t\t\t\t\t\t<div class=\"image-cover\" style=\"padding-top:150px;\">\n\t\t\t\t\t\t\t<a href=\"https:\/\/www.saldac.ch\/de\/alimentation-bio-avantages-inconvenients\/\" class=\"plain\" aria-label=\"Alimentation bio : avantages et inconv\u00e9nients, que faut-il savoir ?\">\n\t\t\t\t\t\t\t\t<img loading=\"lazy\" decoding=\"async\" width=\"1800\" height=\"700\" src=\"https:\/\/www.saldac.ch\/wp-content\/uploads\/2025\/03\/avantages-inconvenients-alimentation-bio.webp\" class=\"attachment-original size-original wp-post-image\" alt=\"Avantages et inconv\u00e9nients de l&#039;alimentation biologique\" srcset=\"https:\/\/www.saldac.ch\/wp-content\/uploads\/2025\/03\/avantages-inconvenients-alimentation-bio.webp 1800w, https:\/\/www.saldac.ch\/wp-content\/uploads\/2025\/03\/avantages-inconvenients-alimentation-bio-300x117.webp 300w, https:\/\/www.saldac.ch\/wp-content\/uploads\/2025\/03\/avantages-inconvenients-alimentation-bio-1030x401.webp 1030w, https:\/\/www.saldac.ch\/wp-content\/uploads\/2025\/03\/avantages-inconvenients-alimentation-bio-768x299.webp 768w, https:\/\/www.saldac.ch\/wp-content\/uploads\/2025\/03\/avantages-inconvenients-alimentation-bio-1536x597.webp 1536w, https:\/\/www.saldac.ch\/wp-content\/uploads\/2025\/03\/avantages-inconvenients-alimentation-bio-450x175.webp 450w, https:\/\/www.saldac.ch\/wp-content\/uploads\/2025\/03\/avantages-inconvenients-alimentation-bio-800x311.webp 800w\" sizes=\"(max-width: 1800px) 100vw, 1800px\" \/>\t\t\t\t\t\t\t<\/a>\n  \t\t\t\t\t\t\t  \t\t\t\t\t\t\t  \t\t\t\t\t\t<\/div>\n  \t\t\t\t\t\t  \t\t\t\t\t<\/div>\n          \t\t\t\t\t<div class=\"box-text text-center\" >\n\t\t\t\t\t<div class=\"box-text-inner blog-post-inner\">\n\n\t\t\t\t\t\n\t\t\t\t\t\t\t\t\t\t<h5 class=\"post-title is-large\">\n\t\t\t\t\t\t<a href=\"https:\/\/www.saldac.ch\/de\/alimentation-bio-avantages-inconvenients\/\" class=\"plain\">Alimentation bio : avantages et inconv\u00e9nients, que faut-il savoir ?<\/a>\n\t\t\t\t\t<\/h5>\n\t\t\t\t\t\t\t\t\t\t<div class=\"is-divider\"><\/div>\n\t\t\t\t\t                    \n\t\t\t\t\t\t\t\t\t\t\t<a href=\"https:\/\/www.saldac.ch\/de\/alimentation-bio-avantages-inconvenients\/\" class=\"button primary is-outline is-small mb-0\">\n\t\t\t\t\t\t\tArtikel lesen\t\t\t\t\t\t<\/a>\n\t\t\t\t\t\n\t\t\t\t\t\n\t\t\t\t\t<\/div>\n\t\t\t\t\t<\/div>\n\t\t\t\t\t\t\t\t\t<\/div>\n\t\t\t<\/div>\n\t\t<\/div><div class=\"col post-item\" >\n\t\t\t<div class=\"col-inner\">\n\t\t\t\t<div class=\"box box-default box-text-bottom box-blog-post has-hover\">\n            \t\t\t\t\t<div class=\"box-image\" >\n  \t\t\t\t\t\t<div class=\"image-cover\" style=\"padding-top:150px;\">\n\t\t\t\t\t\t\t<a href=\"https:\/\/www.saldac.ch\/de\/commerce-equitable-avantages-inconvenients\/\" class=\"plain\" aria-label=\"Commerce \u00e9quitable : avantages et inconv\u00e9nients\">\n\t\t\t\t\t\t\t\t<img loading=\"lazy\" decoding=\"async\" width=\"1800\" height=\"700\" src=\"https:\/\/www.saldac.ch\/wp-content\/uploads\/2025\/03\/commerce-equitable-avantages-inconvenients.webp\" class=\"attachment-original size-original wp-post-image\" alt=\"Commerce \u00e9quitable avantages et inconv\u00e9nients\" srcset=\"https:\/\/www.saldac.ch\/wp-content\/uploads\/2025\/03\/commerce-equitable-avantages-inconvenients.webp 1800w, https:\/\/www.saldac.ch\/wp-content\/uploads\/2025\/03\/commerce-equitable-avantages-inconvenients-300x117.webp 300w, https:\/\/www.saldac.ch\/wp-content\/uploads\/2025\/03\/commerce-equitable-avantages-inconvenients-1030x401.webp 1030w, https:\/\/www.saldac.ch\/wp-content\/uploads\/2025\/03\/commerce-equitable-avantages-inconvenients-768x299.webp 768w, https:\/\/www.saldac.ch\/wp-content\/uploads\/2025\/03\/commerce-equitable-avantages-inconvenients-1536x597.webp 1536w, https:\/\/www.saldac.ch\/wp-content\/uploads\/2025\/03\/commerce-equitable-avantages-inconvenients-450x175.webp 450w, https:\/\/www.saldac.ch\/wp-content\/uploads\/2025\/03\/commerce-equitable-avantages-inconvenients-800x311.webp 800w\" sizes=\"(max-width: 1800px) 100vw, 1800px\" \/>\t\t\t\t\t\t\t<\/a>\n  \t\t\t\t\t\t\t  \t\t\t\t\t\t\t  \t\t\t\t\t\t<\/div>\n  \t\t\t\t\t\t  \t\t\t\t\t<\/div>\n          \t\t\t\t\t<div class=\"box-text text-center\" >\n\t\t\t\t\t<div class=\"box-text-inner blog-post-inner\">\n\n\t\t\t\t\t\n\t\t\t\t\t\t\t\t\t\t<h5 class=\"post-title is-large\">\n\t\t\t\t\t\t<a href=\"https:\/\/www.saldac.ch\/de\/commerce-equitable-avantages-inconvenients\/\" class=\"plain\">Commerce \u00e9quitable : avantages et inconv\u00e9nients<\/a>\n\t\t\t\t\t<\/h5>\n\t\t\t\t\t\t\t\t\t\t<div class=\"is-divider\"><\/div>\n\t\t\t\t\t                    \n\t\t\t\t\t\t\t\t\t\t\t<a href=\"https:\/\/www.saldac.ch\/de\/commerce-equitable-avantages-inconvenients\/\" class=\"button primary is-outline is-small mb-0\">\n\t\t\t\t\t\t\tArtikel lesen\t\t\t\t\t\t<\/a>\n\t\t\t\t\t\n\t\t\t\t\t\n\t\t\t\t\t<\/div>\n\t\t\t\t\t<\/div>\n\t\t\t\t\t\t\t\t\t<\/div>\n\t\t\t<\/div>\n\t\t<\/div><div class=\"col post-item\" >\n\t\t\t<div class=\"col-inner\">\n\t\t\t\t<div class=\"box box-default box-text-bottom box-blog-post has-hover\">\n            \t\t\t\t\t<div class=\"box-image\" >\n  \t\t\t\t\t\t<div class=\"image-cover\" style=\"padding-top:150px;\">\n\t\t\t\t\t\t\t<a href=\"https:\/\/www.saldac.ch\/de\/label-commerce-equitable\/\" class=\"plain\" aria-label=\"Les labels du commerce \u00e9quitable : comprendre, comparer et choisir\">\n\t\t\t\t\t\t\t\t<img loading=\"lazy\" decoding=\"async\" width=\"1800\" height=\"700\" src=\"https:\/\/www.saldac.ch\/wp-content\/uploads\/2025\/03\/labels-commerce-equitable.webp\" class=\"attachment-original size-original wp-post-image\" alt=\"Label commerce \u00e9quitable\" srcset=\"https:\/\/www.saldac.ch\/wp-content\/uploads\/2025\/03\/labels-commerce-equitable.webp 1800w, https:\/\/www.saldac.ch\/wp-content\/uploads\/2025\/03\/labels-commerce-equitable-300x117.webp 300w, https:\/\/www.saldac.ch\/wp-content\/uploads\/2025\/03\/labels-commerce-equitable-1030x401.webp 1030w, https:\/\/www.saldac.ch\/wp-content\/uploads\/2025\/03\/labels-commerce-equitable-768x299.webp 768w, https:\/\/www.saldac.ch\/wp-content\/uploads\/2025\/03\/labels-commerce-equitable-1536x597.webp 1536w, https:\/\/www.saldac.ch\/wp-content\/uploads\/2025\/03\/labels-commerce-equitable-450x175.webp 450w, https:\/\/www.saldac.ch\/wp-content\/uploads\/2025\/03\/labels-commerce-equitable-800x311.webp 800w\" sizes=\"(max-width: 1800px) 100vw, 1800px\" \/>\t\t\t\t\t\t\t<\/a>\n  \t\t\t\t\t\t\t  \t\t\t\t\t\t\t  \t\t\t\t\t\t<\/div>\n  \t\t\t\t\t\t  \t\t\t\t\t<\/div>\n          \t\t\t\t\t<div class=\"box-text text-center\" >\n\t\t\t\t\t<div class=\"box-text-inner blog-post-inner\">\n\n\t\t\t\t\t\n\t\t\t\t\t\t\t\t\t\t<h5 class=\"post-title is-large\">\n\t\t\t\t\t\t<a href=\"https:\/\/www.saldac.ch\/de\/label-commerce-equitable\/\" class=\"plain\">Les labels du commerce \u00e9quitable : comprendre, comparer et choisir<\/a>\n\t\t\t\t\t<\/h5>\n\t\t\t\t\t\t\t\t\t\t<div class=\"is-divider\"><\/div>\n\t\t\t\t\t                    \n\t\t\t\t\t\t\t\t\t\t\t<a href=\"https:\/\/www.saldac.ch\/de\/label-commerce-equitable\/\" class=\"button primary is-outline is-small mb-0\">\n\t\t\t\t\t\t\tArtikel lesen\t\t\t\t\t\t<\/a>\n\t\t\t\t\t\n\t\t\t\t\t\n\t\t\t\t\t<\/div>\n\t\t\t\t\t<\/div>\n\t\t\t\t\t\t\t\t\t<\/div>\n\t\t\t<\/div>\n\t\t<\/div><div class=\"col post-item\" >\n\t\t\t<div class=\"col-inner\">\n\t\t\t\t<div class=\"box box-default box-text-bottom box-blog-post has-hover\">\n            \t\t\t\t\t<div class=\"box-image\" >\n  \t\t\t\t\t\t<div class=\"image-cover\" style=\"padding-top:150px;\">\n\t\t\t\t\t\t\t<a href=\"https:\/\/www.saldac.ch\/de\/cacaoyer\/\" class=\"plain\" aria-label=\"Cacaoyer : D\u00e9couvrez les secrets et origines du chocolat\">\n\t\t\t\t\t\t\t\t<img loading=\"lazy\" decoding=\"async\" width=\"1800\" height=\"700\" src=\"https:\/\/www.saldac.ch\/wp-content\/uploads\/2025\/04\/cacaoyer.webp\" class=\"attachment-original size-original wp-post-image\" alt=\"Cacaoyer, son histoire et ses origines\" srcset=\"https:\/\/www.saldac.ch\/wp-content\/uploads\/2025\/04\/cacaoyer.webp 1800w, https:\/\/www.saldac.ch\/wp-content\/uploads\/2025\/04\/cacaoyer-300x117.webp 300w, https:\/\/www.saldac.ch\/wp-content\/uploads\/2025\/04\/cacaoyer-1030x401.webp 1030w, https:\/\/www.saldac.ch\/wp-content\/uploads\/2025\/04\/cacaoyer-768x299.webp 768w, https:\/\/www.saldac.ch\/wp-content\/uploads\/2025\/04\/cacaoyer-1536x597.webp 1536w, https:\/\/www.saldac.ch\/wp-content\/uploads\/2025\/04\/cacaoyer-450x175.webp 450w, https:\/\/www.saldac.ch\/wp-content\/uploads\/2025\/04\/cacaoyer-800x311.webp 800w\" sizes=\"(max-width: 1800px) 100vw, 1800px\" \/>\t\t\t\t\t\t\t<\/a>\n  \t\t\t\t\t\t\t  \t\t\t\t\t\t\t  \t\t\t\t\t\t<\/div>\n  \t\t\t\t\t\t  \t\t\t\t\t<\/div>\n          \t\t\t\t\t<div class=\"box-text text-center\" >\n\t\t\t\t\t<div class=\"box-text-inner blog-post-inner\">\n\n\t\t\t\t\t\n\t\t\t\t\t\t\t\t\t\t<h5 class=\"post-title is-large\">\n\t\t\t\t\t\t<a href=\"https:\/\/www.saldac.ch\/de\/cacaoyer\/\" class=\"plain\">Cacaoyer : D\u00e9couvrez les secrets et origines du chocolat<\/a>\n\t\t\t\t\t<\/h5>\n\t\t\t\t\t\t\t\t\t\t<div class=\"is-divider\"><\/div>\n\t\t\t\t\t                    \n\t\t\t\t\t\t\t\t\t\t\t<a href=\"https:\/\/www.saldac.ch\/de\/cacaoyer\/\" class=\"button primary is-outline is-small mb-0\">\n\t\t\t\t\t\t\tArtikel lesen\t\t\t\t\t\t<\/a>\n\t\t\t\t\t\n\t\t\t\t\t\n\t\t\t\t\t<\/div>\n\t\t\t\t\t<\/div>\n\t\t\t\t\t\t\t\t\t<\/div>\n\t\t\t<\/div>\n\t\t<\/div><div class=\"col post-item\" >\n\t\t\t<div class=\"col-inner\">\n\t\t\t\t<div class=\"box box-default box-text-bottom box-blog-post has-hover\">\n            \t\t\t\t\t<div class=\"box-image\" >\n  \t\t\t\t\t\t<div class=\"image-cover\" style=\"padding-top:150px;\">\n\t\t\t\t\t\t\t<a href=\"https:\/\/www.saldac.ch\/de\/yerba-mate\/\" class=\"plain\" aria-label=\"Yerba Mate : Origine de cette boisson embl\u00e9matique\">\n\t\t\t\t\t\t\t\t<img loading=\"lazy\" decoding=\"async\" width=\"1800\" height=\"700\" src=\"https:\/\/www.saldac.ch\/wp-content\/uploads\/2025\/04\/yerba-mate.webp\" class=\"attachment-original size-original wp-post-image\" alt=\"Origine du Yerba Mate\" srcset=\"https:\/\/www.saldac.ch\/wp-content\/uploads\/2025\/04\/yerba-mate.webp 1800w, https:\/\/www.saldac.ch\/wp-content\/uploads\/2025\/04\/yerba-mate-300x117.webp 300w, https:\/\/www.saldac.ch\/wp-content\/uploads\/2025\/04\/yerba-mate-1030x401.webp 1030w, https:\/\/www.saldac.ch\/wp-content\/uploads\/2025\/04\/yerba-mate-768x299.webp 768w, https:\/\/www.saldac.ch\/wp-content\/uploads\/2025\/04\/yerba-mate-1536x597.webp 1536w, https:\/\/www.saldac.ch\/wp-content\/uploads\/2025\/04\/yerba-mate-450x175.webp 450w, https:\/\/www.saldac.ch\/wp-content\/uploads\/2025\/04\/yerba-mate-800x311.webp 800w\" sizes=\"(max-width: 1800px) 100vw, 1800px\" \/>\t\t\t\t\t\t\t<\/a>\n  \t\t\t\t\t\t\t  \t\t\t\t\t\t\t  \t\t\t\t\t\t<\/div>\n  \t\t\t\t\t\t  \t\t\t\t\t<\/div>\n          \t\t\t\t\t<div class=\"box-text text-center\" >\n\t\t\t\t\t<div class=\"box-text-inner blog-post-inner\">\n\n\t\t\t\t\t\n\t\t\t\t\t\t\t\t\t\t<h5 class=\"post-title is-large\">\n\t\t\t\t\t\t<a href=\"https:\/\/www.saldac.ch\/de\/yerba-mate\/\" class=\"plain\">Yerba Mate : Origine de cette boisson embl\u00e9matique<\/a>\n\t\t\t\t\t<\/h5>\n\t\t\t\t\t\t\t\t\t\t<div class=\"is-divider\"><\/div>\n\t\t\t\t\t                    \n\t\t\t\t\t\t\t\t\t\t\t<a href=\"https:\/\/www.saldac.ch\/de\/yerba-mate\/\" class=\"button primary is-outline is-small mb-0\">\n\t\t\t\t\t\t\tArtikel lesen\t\t\t\t\t\t<\/a>\n\t\t\t\t\t\n\t\t\t\t\t\n\t\t\t\t\t<\/div>\n\t\t\t\t\t<\/div>\n\t\t\t\t\t\t\t\t\t<\/div>\n\t\t\t<\/div>\n\t\t<\/div><div class=\"col post-item\" >\n\t\t\t<div class=\"col-inner\">\n\t\t\t\t<div class=\"box box-default box-text-bottom box-blog-post has-hover\">\n            \t\t\t\t\t<div class=\"box-image\" >\n  \t\t\t\t\t\t<div class=\"image-cover\" style=\"padding-top:150px;\">\n\t\t\t\t\t\t\t<a href=\"https:\/\/www.saldac.ch\/de\/developpement-durable\/\" class=\"plain\" aria-label=\"D\u00e9veloppement durable et commerce \u00e9quitable : partenariat pour un avenir responsable\">\n\t\t\t\t\t\t\t\t<img loading=\"lazy\" decoding=\"async\" width=\"1800\" height=\"700\" src=\"https:\/\/www.saldac.ch\/wp-content\/uploads\/2025\/04\/developpement-durable.webp\" class=\"attachment-original size-original wp-post-image\" alt=\"D\u00e9veloppement durable et commerce \u00e9quitable\" srcset=\"https:\/\/www.saldac.ch\/wp-content\/uploads\/2025\/04\/developpement-durable.webp 1800w, https:\/\/www.saldac.ch\/wp-content\/uploads\/2025\/04\/developpement-durable-300x117.webp 300w, https:\/\/www.saldac.ch\/wp-content\/uploads\/2025\/04\/developpement-durable-1030x401.webp 1030w, https:\/\/www.saldac.ch\/wp-content\/uploads\/2025\/04\/developpement-durable-768x299.webp 768w, https:\/\/www.saldac.ch\/wp-content\/uploads\/2025\/04\/developpement-durable-1536x597.webp 1536w, https:\/\/www.saldac.ch\/wp-content\/uploads\/2025\/04\/developpement-durable-450x175.webp 450w, https:\/\/www.saldac.ch\/wp-content\/uploads\/2025\/04\/developpement-durable-800x311.webp 800w\" sizes=\"(max-width: 1800px) 100vw, 1800px\" \/>\t\t\t\t\t\t\t<\/a>\n  \t\t\t\t\t\t\t  \t\t\t\t\t\t\t  \t\t\t\t\t\t<\/div>\n  \t\t\t\t\t\t  \t\t\t\t\t<\/div>\n          \t\t\t\t\t<div class=\"box-text text-center\" >\n\t\t\t\t\t<div class=\"box-text-inner blog-post-inner\">\n\n\t\t\t\t\t\n\t\t\t\t\t\t\t\t\t\t<h5 class=\"post-title is-large\">\n\t\t\t\t\t\t<a href=\"https:\/\/www.saldac.ch\/de\/developpement-durable\/\" class=\"plain\">D\u00e9veloppement durable et commerce \u00e9quitable : partenariat pour un avenir responsable<\/a>\n\t\t\t\t\t<\/h5>\n\t\t\t\t\t\t\t\t\t\t<div class=\"is-divider\"><\/div>\n\t\t\t\t\t                    \n\t\t\t\t\t\t\t\t\t\t\t<a href=\"https:\/\/www.saldac.ch\/de\/developpement-durable\/\" class=\"button primary is-outline is-small mb-0\">\n\t\t\t\t\t\t\tArtikel lesen\t\t\t\t\t\t<\/a>\n\t\t\t\t\t\n\t\t\t\t\t\n\t\t\t\t\t<\/div>\n\t\t\t\t\t<\/div>\n\t\t\t\t\t\t\t\t\t<\/div>\n\t\t\t<\/div>\n\t\t<\/div><div class=\"col post-item\" >\n\t\t\t<div class=\"col-inner\">\n\t\t\t\t<div class=\"box box-default box-text-bottom box-blog-post has-hover\">\n            \t\t\t\t\t<div class=\"box-image\" >\n  \t\t\t\t\t\t<div class=\"image-cover\" style=\"padding-top:150px;\">\n\t\t\t\t\t\t\t<a href=\"https:\/\/www.saldac.ch\/de\/mate-cafeine\/\" class=\"plain\" aria-label=\"Mat\u00e9 et caf\u00e9ine : Tout ce que vous devez savoir\">\n\t\t\t\t\t\t\t\t<img loading=\"lazy\" decoding=\"async\" width=\"1800\" height=\"700\" src=\"https:\/\/www.saldac.ch\/wp-content\/uploads\/2025\/04\/mate-cafeine.webp\" class=\"attachment-original size-original wp-post-image\" alt=\"Mat\u00e9 et caf\u00e9ine\" srcset=\"https:\/\/www.saldac.ch\/wp-content\/uploads\/2025\/04\/mate-cafeine.webp 1800w, https:\/\/www.saldac.ch\/wp-content\/uploads\/2025\/04\/mate-cafeine-300x117.webp 300w, https:\/\/www.saldac.ch\/wp-content\/uploads\/2025\/04\/mate-cafeine-1030x401.webp 1030w, https:\/\/www.saldac.ch\/wp-content\/uploads\/2025\/04\/mate-cafeine-768x299.webp 768w, https:\/\/www.saldac.ch\/wp-content\/uploads\/2025\/04\/mate-cafeine-1536x597.webp 1536w, https:\/\/www.saldac.ch\/wp-content\/uploads\/2025\/04\/mate-cafeine-450x175.webp 450w, https:\/\/www.saldac.ch\/wp-content\/uploads\/2025\/04\/mate-cafeine-800x311.webp 800w\" sizes=\"(max-width: 1800px) 100vw, 1800px\" \/>\t\t\t\t\t\t\t<\/a>\n  \t\t\t\t\t\t\t  \t\t\t\t\t\t\t  \t\t\t\t\t\t<\/div>\n  \t\t\t\t\t\t  \t\t\t\t\t<\/div>\n          \t\t\t\t\t<div class=\"box-text text-center\" >\n\t\t\t\t\t<div class=\"box-text-inner blog-post-inner\">\n\n\t\t\t\t\t\n\t\t\t\t\t\t\t\t\t\t<h5 class=\"post-title is-large\">\n\t\t\t\t\t\t<a href=\"https:\/\/www.saldac.ch\/de\/mate-cafeine\/\" class=\"plain\">Mat\u00e9 et caf\u00e9ine : Tout ce que vous devez savoir<\/a>\n\t\t\t\t\t<\/h5>\n\t\t\t\t\t\t\t\t\t\t<div class=\"is-divider\"><\/div>\n\t\t\t\t\t                    \n\t\t\t\t\t\t\t\t\t\t\t<a href=\"https:\/\/www.saldac.ch\/de\/mate-cafeine\/\" class=\"button primary is-outline is-small mb-0\">\n\t\t\t\t\t\t\tArtikel lesen\t\t\t\t\t\t<\/a>\n\t\t\t\t\t\n\t\t\t\t\t\n\t\t\t\t\t<\/div>\n\t\t\t\t\t<\/div>\n\t\t\t\t\t\t\t\t\t<\/div>\n\t\t\t<\/div>\n\t\t<\/div><div class=\"col post-item\" >\n\t\t\t<div class=\"col-inner\">\n\t\t\t\t<div class=\"box box-default box-text-bottom box-blog-post has-hover\">\n            \t\t\t\t\t<div class=\"box-image\" >\n  \t\t\t\t\t\t<div class=\"image-cover\" style=\"padding-top:150px;\">\n\t\t\t\t\t\t\t<a href=\"https:\/\/www.saldac.ch\/de\/mate-composition\/\" class=\"plain\" aria-label=\"Mat\u00e9 : composition et bienfaits\">\n\t\t\t\t\t\t\t\t<img loading=\"lazy\" decoding=\"async\" width=\"1800\" height=\"700\" src=\"https:\/\/www.saldac.ch\/wp-content\/uploads\/2025\/04\/mate-composition-bienfaits.webp\" class=\"attachment-original size-original wp-post-image\" alt=\"Mat\u00e9: composition et bienfaits\" srcset=\"https:\/\/www.saldac.ch\/wp-content\/uploads\/2025\/04\/mate-composition-bienfaits.webp 1800w, https:\/\/www.saldac.ch\/wp-content\/uploads\/2025\/04\/mate-composition-bienfaits-300x117.webp 300w, https:\/\/www.saldac.ch\/wp-content\/uploads\/2025\/04\/mate-composition-bienfaits-1030x401.webp 1030w, https:\/\/www.saldac.ch\/wp-content\/uploads\/2025\/04\/mate-composition-bienfaits-768x299.webp 768w, https:\/\/www.saldac.ch\/wp-content\/uploads\/2025\/04\/mate-composition-bienfaits-1536x597.webp 1536w, https:\/\/www.saldac.ch\/wp-content\/uploads\/2025\/04\/mate-composition-bienfaits-450x175.webp 450w, https:\/\/www.saldac.ch\/wp-content\/uploads\/2025\/04\/mate-composition-bienfaits-800x311.webp 800w\" sizes=\"(max-width: 1800px) 100vw, 1800px\" \/>\t\t\t\t\t\t\t<\/a>\n  \t\t\t\t\t\t\t  \t\t\t\t\t\t\t  \t\t\t\t\t\t<\/div>\n  \t\t\t\t\t\t  \t\t\t\t\t<\/div>\n          \t\t\t\t\t<div class=\"box-text text-center\" >\n\t\t\t\t\t<div class=\"box-text-inner blog-post-inner\">\n\n\t\t\t\t\t\n\t\t\t\t\t\t\t\t\t\t<h5 class=\"post-title is-large\">\n\t\t\t\t\t\t<a href=\"https:\/\/www.saldac.ch\/de\/mate-composition\/\" class=\"plain\">Mat\u00e9 : composition et bienfaits<\/a>\n\t\t\t\t\t<\/h5>\n\t\t\t\t\t\t\t\t\t\t<div class=\"is-divider\"><\/div>\n\t\t\t\t\t                    \n\t\t\t\t\t\t\t\t\t\t\t<a href=\"https:\/\/www.saldac.ch\/de\/mate-composition\/\" class=\"button primary is-outline is-small mb-0\">\n\t\t\t\t\t\t\tArtikel lesen\t\t\t\t\t\t<\/a>\n\t\t\t\t\t\n\t\t\t\t\t\n\t\t\t\t\t<\/div>\n\t\t\t\t\t<\/div>\n\t\t\t\t\t\t\t\t\t<\/div>\n\t\t\t<\/div>\n\t\t<\/div><div class=\"col post-item\" >\n\t\t\t<div class=\"col-inner\">\n\t\t\t\t<div class=\"box box-default box-text-bottom box-blog-post has-hover\">\n            \t\t\t\t\t<div class=\"box-image\" >\n  \t\t\t\t\t\t<div class=\"image-cover\" style=\"padding-top:150px;\">\n\t\t\t\t\t\t\t<a href=\"https:\/\/www.saldac.ch\/de\/cafe-origine\/\" class=\"plain\" aria-label=\"L&rsquo;origine du caf\u00e9 : Voyage \u00e0 travers les pays producteurs\">\n\t\t\t\t\t\t\t\t<img loading=\"lazy\" decoding=\"async\" width=\"1800\" height=\"700\" src=\"https:\/\/www.saldac.ch\/wp-content\/uploads\/2025\/05\/origine-du-cafe.webp\" class=\"attachment-original size-original wp-post-image\" alt=\"D&#039;o\u00f9 est originaire le caf\u00e9?\" srcset=\"https:\/\/www.saldac.ch\/wp-content\/uploads\/2025\/05\/origine-du-cafe.webp 1800w, https:\/\/www.saldac.ch\/wp-content\/uploads\/2025\/05\/origine-du-cafe-300x117.webp 300w, https:\/\/www.saldac.ch\/wp-content\/uploads\/2025\/05\/origine-du-cafe-1030x401.webp 1030w, https:\/\/www.saldac.ch\/wp-content\/uploads\/2025\/05\/origine-du-cafe-768x299.webp 768w, https:\/\/www.saldac.ch\/wp-content\/uploads\/2025\/05\/origine-du-cafe-1536x597.webp 1536w, https:\/\/www.saldac.ch\/wp-content\/uploads\/2025\/05\/origine-du-cafe-450x175.webp 450w, https:\/\/www.saldac.ch\/wp-content\/uploads\/2025\/05\/origine-du-cafe-800x311.webp 800w\" sizes=\"(max-width: 1800px) 100vw, 1800px\" \/>\t\t\t\t\t\t\t<\/a>\n  \t\t\t\t\t\t\t  \t\t\t\t\t\t\t  \t\t\t\t\t\t<\/div>\n  \t\t\t\t\t\t  \t\t\t\t\t<\/div>\n          \t\t\t\t\t<div class=\"box-text text-center\" >\n\t\t\t\t\t<div class=\"box-text-inner blog-post-inner\">\n\n\t\t\t\t\t\n\t\t\t\t\t\t\t\t\t\t<h5 class=\"post-title is-large\">\n\t\t\t\t\t\t<a href=\"https:\/\/www.saldac.ch\/de\/cafe-origine\/\" class=\"plain\">L&rsquo;origine du caf\u00e9 : Voyage \u00e0 travers les pays producteurs<\/a>\n\t\t\t\t\t<\/h5>\n\t\t\t\t\t\t\t\t\t\t<div class=\"is-divider\"><\/div>\n\t\t\t\t\t                    \n\t\t\t\t\t\t\t\t\t\t\t<a href=\"https:\/\/www.saldac.ch\/de\/cafe-origine\/\" class=\"button primary is-outline is-small mb-0\">\n\t\t\t\t\t\t\tArtikel lesen\t\t\t\t\t\t<\/a>\n\t\t\t\t\t\n\t\t\t\t\t\n\t\t\t\t\t<\/div>\n\t\t\t\t\t<\/div>\n\t\t\t\t\t\t\t\t\t<\/div>\n\t\t\t<\/div>\n\t\t<\/div><\/div>\t\t<div class=\"ux-relay__control ux-relay__control--bottom container pb-half text-center\">\n\t\t\t\t\t\t\t<button class=\"ux-relay__button ux-relay__load-more-button button primary mb-0\">\n\t\t\t\t\tLoad more\t\t\t\t\t\t\t\t\t<\/button>\n\t\t\t\t\t\t<\/div>\n\t\t\t\t<\/div>\n\t\t\n\n  \n    <div class=\"row show-for-medium hide-for-small large-columns-4 medium-columns-2 small-columns-1 row-full-width\" >\n  <div class=\"col post-item\" >\n\t\t\t<div class=\"col-inner\">\n\t\t\t\t<div class=\"box box-normal box-text-bottom box-blog-post has-hover\">\n            \t\t\t\t\t<div class=\"box-image\" >\n  \t\t\t\t\t\t<div class=\"image-cover\" style=\"padding-top:140px;\">\n\t\t\t\t\t\t\t<a href=\"https:\/\/www.saldac.ch\/de\/agriculture-durable\/\" class=\"plain\" aria-label=\"Agriculture durable : d\u00e9finition et pratiques pour passer \u00e0 l&rsquo;action\">\n\t\t\t\t\t\t\t\t<img loading=\"lazy\" decoding=\"async\" width=\"300\" height=\"117\" src=\"https:\/\/www.saldac.ch\/wp-content\/uploads\/2026\/02\/agriculture-durable-300x117.webp\" class=\"attachment-medium size-medium wp-post-image\" alt=\"Agriculture durable\" srcset=\"https:\/\/www.saldac.ch\/wp-content\/uploads\/2026\/02\/agriculture-durable-300x117.webp 300w, https:\/\/www.saldac.ch\/wp-content\/uploads\/2026\/02\/agriculture-durable-1030x401.webp 1030w, https:\/\/www.saldac.ch\/wp-content\/uploads\/2026\/02\/agriculture-durable-768x299.webp 768w, https:\/\/www.saldac.ch\/wp-content\/uploads\/2026\/02\/agriculture-durable-1536x597.webp 1536w, https:\/\/www.saldac.ch\/wp-content\/uploads\/2026\/02\/agriculture-durable-18x7.webp 18w, https:\/\/www.saldac.ch\/wp-content\/uploads\/2026\/02\/agriculture-durable-450x175.webp 450w, https:\/\/www.saldac.ch\/wp-content\/uploads\/2026\/02\/agriculture-durable-800x311.webp 800w, https:\/\/www.saldac.ch\/wp-content\/uploads\/2026\/02\/agriculture-durable.webp 1800w\" sizes=\"(max-width: 300px) 100vw, 300px\" \/>\t\t\t\t\t\t\t<\/a>\n  \t\t\t\t\t\t\t  \t\t\t\t\t\t\t  \t\t\t\t\t\t<\/div>\n  \t\t\t\t\t\t  \t\t\t\t\t<\/div>\n          \t\t\t\t\t<div class=\"box-text text-center\" >\n\t\t\t\t\t<div class=\"box-text-inner blog-post-inner\">\n\n\t\t\t\t\t\n\t\t\t\t\t\t\t\t\t\t<h5 class=\"post-title is-large\">\n\t\t\t\t\t\t<a href=\"https:\/\/www.saldac.ch\/de\/agriculture-durable\/\" class=\"plain\">Agriculture durable : d\u00e9finition et pratiques pour passer \u00e0 l&rsquo;action<\/a>\n\t\t\t\t\t<\/h5>\n\t\t\t\t\t\t\t\t\t\t<div class=\"is-divider\"><\/div>\n\t\t\t\t\t\t\t\t\t\t<p class=\"from_the_blog_excerpt\">\n\t\t\t\t\t\t\t\t\t\t\t<\/p>\n\t\t\t\t\t                    \n\t\t\t\t\t\n\t\t\t\t\t\n\t\t\t\t\t<\/div>\n\t\t\t\t\t<\/div>\n\t\t\t\t\t\t\t\t\t<\/div>\n\t\t\t<\/div>\n\t\t<\/div><div class=\"col post-item\" >\n\t\t\t<div class=\"col-inner\">\n\t\t\t\t<div class=\"box box-normal box-text-bottom box-blog-post has-hover\">\n            \t\t\t\t\t<div class=\"box-image\" >\n  \t\t\t\t\t\t<div class=\"image-cover\" style=\"padding-top:140px;\">\n\t\t\t\t\t\t\t<a href=\"https:\/\/www.saldac.ch\/de\/deforestation-importee\/\" class=\"plain\" aria-label=\"D\u00e9forestation import\u00e9e : comprendre le probl\u00e8me et agir\">\n\t\t\t\t\t\t\t\t<img loading=\"lazy\" decoding=\"async\" width=\"300\" height=\"117\" src=\"https:\/\/www.saldac.ch\/wp-content\/uploads\/2026\/02\/deforestation-importee-300x117.webp\" class=\"attachment-medium size-medium wp-post-image\" alt=\"D\u00e9forestation import\u00e9e\" srcset=\"https:\/\/www.saldac.ch\/wp-content\/uploads\/2026\/02\/deforestation-importee-300x117.webp 300w, https:\/\/www.saldac.ch\/wp-content\/uploads\/2026\/02\/deforestation-importee-1030x401.webp 1030w, https:\/\/www.saldac.ch\/wp-content\/uploads\/2026\/02\/deforestation-importee-768x299.webp 768w, https:\/\/www.saldac.ch\/wp-content\/uploads\/2026\/02\/deforestation-importee-1536x597.webp 1536w, https:\/\/www.saldac.ch\/wp-content\/uploads\/2026\/02\/deforestation-importee-18x7.webp 18w, https:\/\/www.saldac.ch\/wp-content\/uploads\/2026\/02\/deforestation-importee-450x175.webp 450w, https:\/\/www.saldac.ch\/wp-content\/uploads\/2026\/02\/deforestation-importee-800x311.webp 800w, https:\/\/www.saldac.ch\/wp-content\/uploads\/2026\/02\/deforestation-importee.webp 1800w\" sizes=\"(max-width: 300px) 100vw, 300px\" \/>\t\t\t\t\t\t\t<\/a>\n  \t\t\t\t\t\t\t  \t\t\t\t\t\t\t  \t\t\t\t\t\t<\/div>\n  \t\t\t\t\t\t  \t\t\t\t\t<\/div>\n          \t\t\t\t\t<div class=\"box-text text-center\" >\n\t\t\t\t\t<div class=\"box-text-inner blog-post-inner\">\n\n\t\t\t\t\t\n\t\t\t\t\t\t\t\t\t\t<h5 class=\"post-title is-large\">\n\t\t\t\t\t\t<a href=\"https:\/\/www.saldac.ch\/de\/deforestation-importee\/\" class=\"plain\">D\u00e9forestation import\u00e9e : comprendre le probl\u00e8me et agir<\/a>\n\t\t\t\t\t<\/h5>\n\t\t\t\t\t\t\t\t\t\t<div class=\"is-divider\"><\/div>\n\t\t\t\t\t\t\t\t\t\t<p class=\"from_the_blog_excerpt\">\n\t\t\t\t\t\t\t\t\t\t\t<\/p>\n\t\t\t\t\t                    \n\t\t\t\t\t\n\t\t\t\t\t\n\t\t\t\t\t<\/div>\n\t\t\t\t\t<\/div>\n\t\t\t\t\t\t\t\t\t<\/div>\n\t\t\t<\/div>\n\t\t<\/div><div class=\"col post-item\" >\n\t\t\t<div class=\"col-inner\">\n\t\t\t\t<div class=\"box box-normal box-text-bottom box-blog-post has-hover\">\n            \t\t\t\t\t<div class=\"box-image\" >\n  \t\t\t\t\t\t<div class=\"image-cover\" style=\"padding-top:140px;\">\n\t\t\t\t\t\t\t<a href=\"https:\/\/www.saldac.ch\/de\/chocolat-durable\/\" class=\"plain\" aria-label=\"Chocolat durable: comprendre les labels et choisir en toute confiance\">\n\t\t\t\t\t\t\t\t<img loading=\"lazy\" decoding=\"async\" width=\"300\" height=\"117\" src=\"https:\/\/www.saldac.ch\/wp-content\/uploads\/2026\/02\/chocolat-durable-300x117.webp\" class=\"attachment-medium size-medium wp-post-image\" alt=\"Chocolat durable\" srcset=\"https:\/\/www.saldac.ch\/wp-content\/uploads\/2026\/02\/chocolat-durable-300x117.webp 300w, https:\/\/www.saldac.ch\/wp-content\/uploads\/2026\/02\/chocolat-durable-1030x401.webp 1030w, https:\/\/www.saldac.ch\/wp-content\/uploads\/2026\/02\/chocolat-durable-768x299.webp 768w, https:\/\/www.saldac.ch\/wp-content\/uploads\/2026\/02\/chocolat-durable-1536x597.webp 1536w, https:\/\/www.saldac.ch\/wp-content\/uploads\/2026\/02\/chocolat-durable-18x7.webp 18w, https:\/\/www.saldac.ch\/wp-content\/uploads\/2026\/02\/chocolat-durable-450x175.webp 450w, https:\/\/www.saldac.ch\/wp-content\/uploads\/2026\/02\/chocolat-durable-800x311.webp 800w, https:\/\/www.saldac.ch\/wp-content\/uploads\/2026\/02\/chocolat-durable.webp 1800w\" sizes=\"(max-width: 300px) 100vw, 300px\" \/>\t\t\t\t\t\t\t<\/a>\n  \t\t\t\t\t\t\t  \t\t\t\t\t\t\t  \t\t\t\t\t\t<\/div>\n  \t\t\t\t\t\t  \t\t\t\t\t<\/div>\n          \t\t\t\t\t<div class=\"box-text text-center\" >\n\t\t\t\t\t<div class=\"box-text-inner blog-post-inner\">\n\n\t\t\t\t\t\n\t\t\t\t\t\t\t\t\t\t<h5 class=\"post-title is-large\">\n\t\t\t\t\t\t<a href=\"https:\/\/www.saldac.ch\/de\/chocolat-durable\/\" class=\"plain\">Chocolat durable: comprendre les labels et choisir en toute confiance<\/a>\n\t\t\t\t\t<\/h5>\n\t\t\t\t\t\t\t\t\t\t<div class=\"is-divider\"><\/div>\n\t\t\t\t\t\t\t\t\t\t<p class=\"from_the_blog_excerpt\">\n\t\t\t\t\t\t\t\t\t\t\t<\/p>\n\t\t\t\t\t                    \n\t\t\t\t\t\n\t\t\t\t\t\n\t\t\t\t\t<\/div>\n\t\t\t\t\t<\/div>\n\t\t\t\t\t\t\t\t\t<\/div>\n\t\t\t<\/div>\n\t\t<\/div><div class=\"col post-item\" >\n\t\t\t<div class=\"col-inner\">\n\t\t\t\t<div class=\"box box-normal box-text-bottom box-blog-post has-hover\">\n            \t\t\t\t\t<div class=\"box-image\" >\n  \t\t\t\t\t\t<div class=\"image-cover\" style=\"padding-top:140px;\">\n\t\t\t\t\t\t\t<a href=\"https:\/\/www.saldac.ch\/de\/amarante\/\" class=\"plain\" aria-label=\"Amarante : nutrition et pr\u00e9cautions pour bien la choisir\">\n\t\t\t\t\t\t\t\t<img loading=\"lazy\" decoding=\"async\" width=\"300\" height=\"117\" src=\"https:\/\/www.saldac.ch\/wp-content\/uploads\/2026\/02\/amarante-300x117.webp\" class=\"attachment-medium size-medium wp-post-image\" alt=\"Amarante : usages et pr\u00e9cautions\" srcset=\"https:\/\/www.saldac.ch\/wp-content\/uploads\/2026\/02\/amarante-300x117.webp 300w, https:\/\/www.saldac.ch\/wp-content\/uploads\/2026\/02\/amarante-1030x401.webp 1030w, https:\/\/www.saldac.ch\/wp-content\/uploads\/2026\/02\/amarante-768x299.webp 768w, https:\/\/www.saldac.ch\/wp-content\/uploads\/2026\/02\/amarante-1536x597.webp 1536w, https:\/\/www.saldac.ch\/wp-content\/uploads\/2026\/02\/amarante-18x7.webp 18w, https:\/\/www.saldac.ch\/wp-content\/uploads\/2026\/02\/amarante-450x175.webp 450w, https:\/\/www.saldac.ch\/wp-content\/uploads\/2026\/02\/amarante-800x311.webp 800w, https:\/\/www.saldac.ch\/wp-content\/uploads\/2026\/02\/amarante.webp 1800w\" sizes=\"(max-width: 300px) 100vw, 300px\" \/>\t\t\t\t\t\t\t<\/a>\n  \t\t\t\t\t\t\t  \t\t\t\t\t\t\t  \t\t\t\t\t\t<\/div>\n  \t\t\t\t\t\t  \t\t\t\t\t<\/div>\n          \t\t\t\t\t<div class=\"box-text text-center\" >\n\t\t\t\t\t<div class=\"box-text-inner blog-post-inner\">\n\n\t\t\t\t\t\n\t\t\t\t\t\t\t\t\t\t<h5 class=\"post-title is-large\">\n\t\t\t\t\t\t<a href=\"https:\/\/www.saldac.ch\/de\/amarante\/\" class=\"plain\">Amarante : nutrition et pr\u00e9cautions pour bien la choisir<\/a>\n\t\t\t\t\t<\/h5>\n\t\t\t\t\t\t\t\t\t\t<div class=\"is-divider\"><\/div>\n\t\t\t\t\t\t\t\t\t\t<p class=\"from_the_blog_excerpt\">\n\t\t\t\t\t\t\t\t\t\t\t<\/p>\n\t\t\t\t\t                    \n\t\t\t\t\t\n\t\t\t\t\t\n\t\t\t\t\t<\/div>\n\t\t\t\t\t<\/div>\n\t\t\t\t\t\t\t\t\t<\/div>\n\t\t\t<\/div>\n\t\t<\/div><div class=\"col post-item\" >\n\t\t\t<div class=\"col-inner\">\n\t\t\t\t<div class=\"box box-normal box-text-bottom box-blog-post has-hover\">\n            \t\t\t\t\t<div class=\"box-image\" >\n  \t\t\t\t\t\t<div class=\"image-cover\" style=\"padding-top:140px;\">\n\t\t\t\t\t\t\t<a href=\"https:\/\/www.saldac.ch\/de\/souverainete-alimentaire\/\" class=\"plain\" aria-label=\"Souverainet\u00e9 alimentaire : d\u00e9finition, piliers et enjeux\">\n\t\t\t\t\t\t\t\t<img loading=\"lazy\" decoding=\"async\" width=\"300\" height=\"117\" src=\"https:\/\/www.saldac.ch\/wp-content\/uploads\/2026\/02\/souverainete-alimentaire-300x117.webp\" class=\"attachment-medium size-medium wp-post-image\" alt=\"Souverainet\u00e9 alimentaire\" srcset=\"https:\/\/www.saldac.ch\/wp-content\/uploads\/2026\/02\/souverainete-alimentaire-300x117.webp 300w, https:\/\/www.saldac.ch\/wp-content\/uploads\/2026\/02\/souverainete-alimentaire-1030x401.webp 1030w, https:\/\/www.saldac.ch\/wp-content\/uploads\/2026\/02\/souverainete-alimentaire-768x299.webp 768w, https:\/\/www.saldac.ch\/wp-content\/uploads\/2026\/02\/souverainete-alimentaire-1536x597.webp 1536w, https:\/\/www.saldac.ch\/wp-content\/uploads\/2026\/02\/souverainete-alimentaire-18x7.webp 18w, https:\/\/www.saldac.ch\/wp-content\/uploads\/2026\/02\/souverainete-alimentaire-450x175.webp 450w, https:\/\/www.saldac.ch\/wp-content\/uploads\/2026\/02\/souverainete-alimentaire-800x311.webp 800w, https:\/\/www.saldac.ch\/wp-content\/uploads\/2026\/02\/souverainete-alimentaire.webp 1800w\" sizes=\"(max-width: 300px) 100vw, 300px\" \/>\t\t\t\t\t\t\t<\/a>\n  \t\t\t\t\t\t\t  \t\t\t\t\t\t\t  \t\t\t\t\t\t<\/div>\n  \t\t\t\t\t\t  \t\t\t\t\t<\/div>\n          \t\t\t\t\t<div class=\"box-text text-center\" >\n\t\t\t\t\t<div class=\"box-text-inner blog-post-inner\">\n\n\t\t\t\t\t\n\t\t\t\t\t\t\t\t\t\t<h5 class=\"post-title is-large\">\n\t\t\t\t\t\t<a href=\"https:\/\/www.saldac.ch\/de\/souverainete-alimentaire\/\" class=\"plain\">Souverainet\u00e9 alimentaire : d\u00e9finition, piliers et enjeux<\/a>\n\t\t\t\t\t<\/h5>\n\t\t\t\t\t\t\t\t\t\t<div class=\"is-divider\"><\/div>\n\t\t\t\t\t\t\t\t\t\t<p class=\"from_the_blog_excerpt\">\n\t\t\t\t\t\t\t\t\t\t\t<\/p>\n\t\t\t\t\t                    \n\t\t\t\t\t\n\t\t\t\t\t\n\t\t\t\t\t<\/div>\n\t\t\t\t\t<\/div>\n\t\t\t\t\t\t\t\t\t<\/div>\n\t\t\t<\/div>\n\t\t<\/div><div class=\"col post-item\" >\n\t\t\t<div class=\"col-inner\">\n\t\t\t\t<div class=\"box box-normal box-text-bottom box-blog-post has-hover\">\n            \t\t\t\t\t<div class=\"box-image\" >\n  \t\t\t\t\t\t<div class=\"image-cover\" style=\"padding-top:140px;\">\n\t\t\t\t\t\t\t<a href=\"https:\/\/www.saldac.ch\/de\/empreinte-carbone\/\" class=\"plain\" aria-label=\"Empreinte carbone : d\u00e9finition et actions pour r\u00e9duire son impact\">\n\t\t\t\t\t\t\t\t<img loading=\"lazy\" decoding=\"async\" width=\"300\" height=\"117\" src=\"https:\/\/www.saldac.ch\/wp-content\/uploads\/2026\/02\/empreinte-carbone-300x117.webp\" class=\"attachment-medium size-medium wp-post-image\" alt=\"Empreinte carbone\" srcset=\"https:\/\/www.saldac.ch\/wp-content\/uploads\/2026\/02\/empreinte-carbone-300x117.webp 300w, https:\/\/www.saldac.ch\/wp-content\/uploads\/2026\/02\/empreinte-carbone-1030x401.webp 1030w, https:\/\/www.saldac.ch\/wp-content\/uploads\/2026\/02\/empreinte-carbone-768x299.webp 768w, https:\/\/www.saldac.ch\/wp-content\/uploads\/2026\/02\/empreinte-carbone-1536x597.webp 1536w, https:\/\/www.saldac.ch\/wp-content\/uploads\/2026\/02\/empreinte-carbone-18x7.webp 18w, https:\/\/www.saldac.ch\/wp-content\/uploads\/2026\/02\/empreinte-carbone-450x175.webp 450w, https:\/\/www.saldac.ch\/wp-content\/uploads\/2026\/02\/empreinte-carbone-800x311.webp 800w, https:\/\/www.saldac.ch\/wp-content\/uploads\/2026\/02\/empreinte-carbone.webp 1800w\" sizes=\"(max-width: 300px) 100vw, 300px\" \/>\t\t\t\t\t\t\t<\/a>\n  \t\t\t\t\t\t\t  \t\t\t\t\t\t\t  \t\t\t\t\t\t<\/div>\n  \t\t\t\t\t\t  \t\t\t\t\t<\/div>\n          \t\t\t\t\t<div class=\"box-text text-center\" >\n\t\t\t\t\t<div class=\"box-text-inner blog-post-inner\">\n\n\t\t\t\t\t\n\t\t\t\t\t\t\t\t\t\t<h5 class=\"post-title is-large\">\n\t\t\t\t\t\t<a href=\"https:\/\/www.saldac.ch\/de\/empreinte-carbone\/\" class=\"plain\">Empreinte carbone : d\u00e9finition et actions pour r\u00e9duire son impact<\/a>\n\t\t\t\t\t<\/h5>\n\t\t\t\t\t\t\t\t\t\t<div class=\"is-divider\"><\/div>\n\t\t\t\t\t\t\t\t\t\t<p class=\"from_the_blog_excerpt\">\n\t\t\t\t\t\t\t\t\t\t\t<\/p>\n\t\t\t\t\t                    \n\t\t\t\t\t\n\t\t\t\t\t\n\t\t\t\t\t<\/div>\n\t\t\t\t\t<\/div>\n\t\t\t\t\t\t\t\t\t<\/div>\n\t\t\t<\/div>\n\t\t<\/div><div class=\"col post-item\" >\n\t\t\t<div class=\"col-inner\">\n\t\t\t\t<div class=\"box box-normal box-text-bottom box-blog-post has-hover\">\n            \t\t\t\t\t<div class=\"box-image\" >\n  \t\t\t\t\t\t<div class=\"image-cover\" style=\"padding-top:140px;\">\n\t\t\t\t\t\t\t<a href=\"https:\/\/www.saldac.ch\/de\/grain-ancien\/\" class=\"plain\" aria-label=\"Comprendre les grains anciens : une exploration des c\u00e9r\u00e9ales oubli\u00e9es\">\n\t\t\t\t\t\t\t\t<img loading=\"lazy\" decoding=\"async\" width=\"300\" height=\"117\" src=\"https:\/\/www.saldac.ch\/wp-content\/uploads\/2026\/01\/grain-ancien-300x117.webp\" class=\"attachment-medium size-medium wp-post-image\" alt=\"grain ancien\" srcset=\"https:\/\/www.saldac.ch\/wp-content\/uploads\/2026\/01\/grain-ancien-300x117.webp 300w, https:\/\/www.saldac.ch\/wp-content\/uploads\/2026\/01\/grain-ancien-1030x401.webp 1030w, https:\/\/www.saldac.ch\/wp-content\/uploads\/2026\/01\/grain-ancien-768x299.webp 768w, https:\/\/www.saldac.ch\/wp-content\/uploads\/2026\/01\/grain-ancien-1536x597.webp 1536w, https:\/\/www.saldac.ch\/wp-content\/uploads\/2026\/01\/grain-ancien-18x7.webp 18w, https:\/\/www.saldac.ch\/wp-content\/uploads\/2026\/01\/grain-ancien-450x175.webp 450w, https:\/\/www.saldac.ch\/wp-content\/uploads\/2026\/01\/grain-ancien-800x311.webp 800w, https:\/\/www.saldac.ch\/wp-content\/uploads\/2026\/01\/grain-ancien.webp 1800w\" sizes=\"(max-width: 300px) 100vw, 300px\" \/>\t\t\t\t\t\t\t<\/a>\n  \t\t\t\t\t\t\t  \t\t\t\t\t\t\t  \t\t\t\t\t\t<\/div>\n  \t\t\t\t\t\t  \t\t\t\t\t<\/div>\n          \t\t\t\t\t<div class=\"box-text text-center\" >\n\t\t\t\t\t<div class=\"box-text-inner blog-post-inner\">\n\n\t\t\t\t\t\n\t\t\t\t\t\t\t\t\t\t<h5 class=\"post-title is-large\">\n\t\t\t\t\t\t<a href=\"https:\/\/www.saldac.ch\/de\/grain-ancien\/\" class=\"plain\">Comprendre les grains anciens : une exploration des c\u00e9r\u00e9ales oubli\u00e9es<\/a>\n\t\t\t\t\t<\/h5>\n\t\t\t\t\t\t\t\t\t\t<div class=\"is-divider\"><\/div>\n\t\t\t\t\t\t\t\t\t\t<p class=\"from_the_blog_excerpt\">\n\t\t\t\t\t\t\t\t\t\t\t<\/p>\n\t\t\t\t\t                    \n\t\t\t\t\t\n\t\t\t\t\t\n\t\t\t\t\t<\/div>\n\t\t\t\t\t<\/div>\n\t\t\t\t\t\t\t\t\t<\/div>\n\t\t\t<\/div>\n\t\t<\/div><div class=\"col post-item\" >\n\t\t\t<div class=\"col-inner\">\n\t\t\t\t<div class=\"box box-normal box-text-bottom box-blog-post has-hover\">\n            \t\t\t\t\t<div class=\"box-image\" >\n  \t\t\t\t\t\t<div class=\"image-cover\" style=\"padding-top:140px;\">\n\t\t\t\t\t\t\t<a href=\"https:\/\/www.saldac.ch\/de\/tracabilite-alimentaire\/\" class=\"plain\" aria-label=\"La tra\u00e7abilit\u00e9 alimentaire : cl\u00e9 de la s\u00e9curit\u00e9 et de la transparence des produits\">\n\t\t\t\t\t\t\t\t<img loading=\"lazy\" decoding=\"async\" width=\"300\" height=\"117\" src=\"https:\/\/www.saldac.ch\/wp-content\/uploads\/2026\/01\/tracabilite-alimentaire-300x117.webp\" class=\"attachment-medium size-medium wp-post-image\" alt=\"tracabilite alimentaire\" srcset=\"https:\/\/www.saldac.ch\/wp-content\/uploads\/2026\/01\/tracabilite-alimentaire-300x117.webp 300w, https:\/\/www.saldac.ch\/wp-content\/uploads\/2026\/01\/tracabilite-alimentaire-1030x401.webp 1030w, https:\/\/www.saldac.ch\/wp-content\/uploads\/2026\/01\/tracabilite-alimentaire-768x299.webp 768w, https:\/\/www.saldac.ch\/wp-content\/uploads\/2026\/01\/tracabilite-alimentaire-1536x597.webp 1536w, https:\/\/www.saldac.ch\/wp-content\/uploads\/2026\/01\/tracabilite-alimentaire-18x7.webp 18w, https:\/\/www.saldac.ch\/wp-content\/uploads\/2026\/01\/tracabilite-alimentaire-450x175.webp 450w, https:\/\/www.saldac.ch\/wp-content\/uploads\/2026\/01\/tracabilite-alimentaire-800x311.webp 800w, https:\/\/www.saldac.ch\/wp-content\/uploads\/2026\/01\/tracabilite-alimentaire.webp 1800w\" sizes=\"(max-width: 300px) 100vw, 300px\" \/>\t\t\t\t\t\t\t<\/a>\n  \t\t\t\t\t\t\t  \t\t\t\t\t\t\t  \t\t\t\t\t\t<\/div>\n  \t\t\t\t\t\t  \t\t\t\t\t<\/div>\n          \t\t\t\t\t<div class=\"box-text text-center\" >\n\t\t\t\t\t<div class=\"box-text-inner blog-post-inner\">\n\n\t\t\t\t\t\n\t\t\t\t\t\t\t\t\t\t<h5 class=\"post-title is-large\">\n\t\t\t\t\t\t<a href=\"https:\/\/www.saldac.ch\/de\/tracabilite-alimentaire\/\" class=\"plain\">La tra\u00e7abilit\u00e9 alimentaire : cl\u00e9 de la s\u00e9curit\u00e9 et de la transparence des produits<\/a>\n\t\t\t\t\t<\/h5>\n\t\t\t\t\t\t\t\t\t\t<div class=\"is-divider\"><\/div>\n\t\t\t\t\t\t\t\t\t\t<p class=\"from_the_blog_excerpt\">\n\t\t\t\t\t\t\t\t\t\t\t<\/p>\n\t\t\t\t\t                    \n\t\t\t\t\t\n\t\t\t\t\t\n\t\t\t\t\t<\/div>\n\t\t\t\t\t<\/div>\n\t\t\t\t\t\t\t\t\t<\/div>\n\t\t\t<\/div>\n\t\t<\/div><\/div>\n\n  \n    <div class=\"row show-for-small large-columns-4 medium-columns-2 small-columns-1 row-collapse row-full-width\" >\n  <div class=\"col post-item\" >\n\t\t\t<div class=\"col-inner\">\n\t\t\t\t<div class=\"box box-normal box-text-bottom box-blog-post has-hover\">\n            \t\t\t\t\t<div class=\"box-image\" >\n  \t\t\t\t\t\t<div class=\"image-cover\" style=\"padding-top:140px;\">\n\t\t\t\t\t\t\t<a href=\"https:\/\/www.saldac.ch\/de\/agriculture-durable\/\" class=\"plain\" aria-label=\"Agriculture durable : d\u00e9finition et pratiques pour passer \u00e0 l&rsquo;action\">\n\t\t\t\t\t\t\t\t<img loading=\"lazy\" decoding=\"async\" width=\"300\" height=\"117\" src=\"https:\/\/www.saldac.ch\/wp-content\/uploads\/2026\/02\/agriculture-durable-300x117.webp\" class=\"attachment-medium size-medium wp-post-image\" alt=\"Agriculture durable\" srcset=\"https:\/\/www.saldac.ch\/wp-content\/uploads\/2026\/02\/agriculture-durable-300x117.webp 300w, https:\/\/www.saldac.ch\/wp-content\/uploads\/2026\/02\/agriculture-durable-1030x401.webp 1030w, https:\/\/www.saldac.ch\/wp-content\/uploads\/2026\/02\/agriculture-durable-768x299.webp 768w, https:\/\/www.saldac.ch\/wp-content\/uploads\/2026\/02\/agriculture-durable-1536x597.webp 1536w, https:\/\/www.saldac.ch\/wp-content\/uploads\/2026\/02\/agriculture-durable-18x7.webp 18w, https:\/\/www.saldac.ch\/wp-content\/uploads\/2026\/02\/agriculture-durable-450x175.webp 450w, https:\/\/www.saldac.ch\/wp-content\/uploads\/2026\/02\/agriculture-durable-800x311.webp 800w, https:\/\/www.saldac.ch\/wp-content\/uploads\/2026\/02\/agriculture-durable.webp 1800w\" sizes=\"(max-width: 300px) 100vw, 300px\" \/>\t\t\t\t\t\t\t<\/a>\n  \t\t\t\t\t\t\t  \t\t\t\t\t\t\t  \t\t\t\t\t\t<\/div>\n  \t\t\t\t\t\t  \t\t\t\t\t<\/div>\n          \t\t\t\t\t<div class=\"box-text text-center\" >\n\t\t\t\t\t<div class=\"box-text-inner blog-post-inner\">\n\n\t\t\t\t\t\n\t\t\t\t\t\t\t\t\t\t<h5 class=\"post-title is-large\">\n\t\t\t\t\t\t<a href=\"https:\/\/www.saldac.ch\/de\/agriculture-durable\/\" class=\"plain\">Agriculture durable : d\u00e9finition et pratiques pour passer \u00e0 l&rsquo;action<\/a>\n\t\t\t\t\t<\/h5>\n\t\t\t\t\t\t\t\t\t\t<div class=\"is-divider\"><\/div>\n\t\t\t\t\t\t\t\t\t\t<p class=\"from_the_blog_excerpt\">\n\t\t\t\t\t\t\t\t\t\t\t<\/p>\n\t\t\t\t\t                    \n\t\t\t\t\t\n\t\t\t\t\t\n\t\t\t\t\t<\/div>\n\t\t\t\t\t<\/div>\n\t\t\t\t\t\t\t\t\t<\/div>\n\t\t\t<\/div>\n\t\t<\/div><div class=\"col post-item\" >\n\t\t\t<div class=\"col-inner\">\n\t\t\t\t<div class=\"box box-normal box-text-bottom box-blog-post has-hover\">\n            \t\t\t\t\t<div class=\"box-image\" >\n  \t\t\t\t\t\t<div class=\"image-cover\" style=\"padding-top:140px;\">\n\t\t\t\t\t\t\t<a href=\"https:\/\/www.saldac.ch\/de\/deforestation-importee\/\" class=\"plain\" aria-label=\"D\u00e9forestation import\u00e9e : comprendre le probl\u00e8me et agir\">\n\t\t\t\t\t\t\t\t<img loading=\"lazy\" decoding=\"async\" width=\"300\" height=\"117\" src=\"https:\/\/www.saldac.ch\/wp-content\/uploads\/2026\/02\/deforestation-importee-300x117.webp\" class=\"attachment-medium size-medium wp-post-image\" alt=\"D\u00e9forestation import\u00e9e\" srcset=\"https:\/\/www.saldac.ch\/wp-content\/uploads\/2026\/02\/deforestation-importee-300x117.webp 300w, https:\/\/www.saldac.ch\/wp-content\/uploads\/2026\/02\/deforestation-importee-1030x401.webp 1030w, https:\/\/www.saldac.ch\/wp-content\/uploads\/2026\/02\/deforestation-importee-768x299.webp 768w, https:\/\/www.saldac.ch\/wp-content\/uploads\/2026\/02\/deforestation-importee-1536x597.webp 1536w, https:\/\/www.saldac.ch\/wp-content\/uploads\/2026\/02\/deforestation-importee-18x7.webp 18w, https:\/\/www.saldac.ch\/wp-content\/uploads\/2026\/02\/deforestation-importee-450x175.webp 450w, https:\/\/www.saldac.ch\/wp-content\/uploads\/2026\/02\/deforestation-importee-800x311.webp 800w, https:\/\/www.saldac.ch\/wp-content\/uploads\/2026\/02\/deforestation-importee.webp 1800w\" sizes=\"(max-width: 300px) 100vw, 300px\" \/>\t\t\t\t\t\t\t<\/a>\n  \t\t\t\t\t\t\t  \t\t\t\t\t\t\t  \t\t\t\t\t\t<\/div>\n  \t\t\t\t\t\t  \t\t\t\t\t<\/div>\n          \t\t\t\t\t<div class=\"box-text text-center\" >\n\t\t\t\t\t<div class=\"box-text-inner blog-post-inner\">\n\n\t\t\t\t\t\n\t\t\t\t\t\t\t\t\t\t<h5 class=\"post-title is-large\">\n\t\t\t\t\t\t<a href=\"https:\/\/www.saldac.ch\/de\/deforestation-importee\/\" class=\"plain\">D\u00e9forestation import\u00e9e : comprendre le probl\u00e8me et agir<\/a>\n\t\t\t\t\t<\/h5>\n\t\t\t\t\t\t\t\t\t\t<div class=\"is-divider\"><\/div>\n\t\t\t\t\t\t\t\t\t\t<p class=\"from_the_blog_excerpt\">\n\t\t\t\t\t\t\t\t\t\t\t<\/p>\n\t\t\t\t\t                    \n\t\t\t\t\t\n\t\t\t\t\t\n\t\t\t\t\t<\/div>\n\t\t\t\t\t<\/div>\n\t\t\t\t\t\t\t\t\t<\/div>\n\t\t\t<\/div>\n\t\t<\/div><div class=\"col post-item\" >\n\t\t\t<div class=\"col-inner\">\n\t\t\t\t<div class=\"box box-normal box-text-bottom box-blog-post has-hover\">\n            \t\t\t\t\t<div class=\"box-image\" >\n  \t\t\t\t\t\t<div class=\"image-cover\" style=\"padding-top:140px;\">\n\t\t\t\t\t\t\t<a href=\"https:\/\/www.saldac.ch\/de\/chocolat-durable\/\" class=\"plain\" aria-label=\"Chocolat durable: comprendre les labels et choisir en toute confiance\">\n\t\t\t\t\t\t\t\t<img loading=\"lazy\" decoding=\"async\" width=\"300\" height=\"117\" src=\"https:\/\/www.saldac.ch\/wp-content\/uploads\/2026\/02\/chocolat-durable-300x117.webp\" class=\"attachment-medium size-medium wp-post-image\" alt=\"Chocolat durable\" srcset=\"https:\/\/www.saldac.ch\/wp-content\/uploads\/2026\/02\/chocolat-durable-300x117.webp 300w, https:\/\/www.saldac.ch\/wp-content\/uploads\/2026\/02\/chocolat-durable-1030x401.webp 1030w, https:\/\/www.saldac.ch\/wp-content\/uploads\/2026\/02\/chocolat-durable-768x299.webp 768w, https:\/\/www.saldac.ch\/wp-content\/uploads\/2026\/02\/chocolat-durable-1536x597.webp 1536w, https:\/\/www.saldac.ch\/wp-content\/uploads\/2026\/02\/chocolat-durable-18x7.webp 18w, https:\/\/www.saldac.ch\/wp-content\/uploads\/2026\/02\/chocolat-durable-450x175.webp 450w, https:\/\/www.saldac.ch\/wp-content\/uploads\/2026\/02\/chocolat-durable-800x311.webp 800w, https:\/\/www.saldac.ch\/wp-content\/uploads\/2026\/02\/chocolat-durable.webp 1800w\" sizes=\"(max-width: 300px) 100vw, 300px\" \/>\t\t\t\t\t\t\t<\/a>\n  \t\t\t\t\t\t\t  \t\t\t\t\t\t\t  \t\t\t\t\t\t<\/div>\n  \t\t\t\t\t\t  \t\t\t\t\t<\/div>\n          \t\t\t\t\t<div class=\"box-text text-center\" >\n\t\t\t\t\t<div class=\"box-text-inner blog-post-inner\">\n\n\t\t\t\t\t\n\t\t\t\t\t\t\t\t\t\t<h5 class=\"post-title is-large\">\n\t\t\t\t\t\t<a href=\"https:\/\/www.saldac.ch\/de\/chocolat-durable\/\" class=\"plain\">Chocolat durable: comprendre les labels et choisir en toute confiance<\/a>\n\t\t\t\t\t<\/h5>\n\t\t\t\t\t\t\t\t\t\t<div class=\"is-divider\"><\/div>\n\t\t\t\t\t\t\t\t\t\t<p class=\"from_the_blog_excerpt\">\n\t\t\t\t\t\t\t\t\t\t\t<\/p>\n\t\t\t\t\t                    \n\t\t\t\t\t\n\t\t\t\t\t\n\t\t\t\t\t<\/div>\n\t\t\t\t\t<\/div>\n\t\t\t\t\t\t\t\t\t<\/div>\n\t\t\t<\/div>\n\t\t<\/div><div class=\"col post-item\" >\n\t\t\t<div class=\"col-inner\">\n\t\t\t\t<div class=\"box box-normal box-text-bottom box-blog-post has-hover\">\n            \t\t\t\t\t<div class=\"box-image\" >\n  \t\t\t\t\t\t<div class=\"image-cover\" style=\"padding-top:140px;\">\n\t\t\t\t\t\t\t<a href=\"https:\/\/www.saldac.ch\/de\/amarante\/\" class=\"plain\" aria-label=\"Amarante : nutrition et pr\u00e9cautions pour bien la choisir\">\n\t\t\t\t\t\t\t\t<img loading=\"lazy\" decoding=\"async\" width=\"300\" height=\"117\" src=\"https:\/\/www.saldac.ch\/wp-content\/uploads\/2026\/02\/amarante-300x117.webp\" class=\"attachment-medium size-medium wp-post-image\" alt=\"Amarante : usages et pr\u00e9cautions\" srcset=\"https:\/\/www.saldac.ch\/wp-content\/uploads\/2026\/02\/amarante-300x117.webp 300w, https:\/\/www.saldac.ch\/wp-content\/uploads\/2026\/02\/amarante-1030x401.webp 1030w, https:\/\/www.saldac.ch\/wp-content\/uploads\/2026\/02\/amarante-768x299.webp 768w, https:\/\/www.saldac.ch\/wp-content\/uploads\/2026\/02\/amarante-1536x597.webp 1536w, https:\/\/www.saldac.ch\/wp-content\/uploads\/2026\/02\/amarante-18x7.webp 18w, https:\/\/www.saldac.ch\/wp-content\/uploads\/2026\/02\/amarante-450x175.webp 450w, https:\/\/www.saldac.ch\/wp-content\/uploads\/2026\/02\/amarante-800x311.webp 800w, https:\/\/www.saldac.ch\/wp-content\/uploads\/2026\/02\/amarante.webp 1800w\" sizes=\"(max-width: 300px) 100vw, 300px\" \/>\t\t\t\t\t\t\t<\/a>\n  \t\t\t\t\t\t\t  \t\t\t\t\t\t\t  \t\t\t\t\t\t<\/div>\n  \t\t\t\t\t\t  \t\t\t\t\t<\/div>\n          \t\t\t\t\t<div class=\"box-text text-center\" >\n\t\t\t\t\t<div class=\"box-text-inner blog-post-inner\">\n\n\t\t\t\t\t\n\t\t\t\t\t\t\t\t\t\t<h5 class=\"post-title is-large\">\n\t\t\t\t\t\t<a href=\"https:\/\/www.saldac.ch\/de\/amarante\/\" class=\"plain\">Amarante : nutrition et pr\u00e9cautions pour bien la choisir<\/a>\n\t\t\t\t\t<\/h5>\n\t\t\t\t\t\t\t\t\t\t<div class=\"is-divider\"><\/div>\n\t\t\t\t\t\t\t\t\t\t<p class=\"from_the_blog_excerpt\">\n\t\t\t\t\t\t\t\t\t\t\t<\/p>\n\t\t\t\t\t                    \n\t\t\t\t\t\n\t\t\t\t\t\n\t\t\t\t\t<\/div>\n\t\t\t\t\t<\/div>\n\t\t\t\t\t\t\t\t\t<\/div>\n\t\t\t<\/div>\n\t\t<\/div><div class=\"col post-item\" >\n\t\t\t<div class=\"col-inner\">\n\t\t\t\t<div class=\"box box-normal box-text-bottom box-blog-post has-hover\">\n            \t\t\t\t\t<div class=\"box-image\" >\n  \t\t\t\t\t\t<div class=\"image-cover\" style=\"padding-top:140px;\">\n\t\t\t\t\t\t\t<a href=\"https:\/\/www.saldac.ch\/de\/souverainete-alimentaire\/\" class=\"plain\" aria-label=\"Souverainet\u00e9 alimentaire : d\u00e9finition, piliers et enjeux\">\n\t\t\t\t\t\t\t\t<img loading=\"lazy\" decoding=\"async\" width=\"300\" height=\"117\" src=\"https:\/\/www.saldac.ch\/wp-content\/uploads\/2026\/02\/souverainete-alimentaire-300x117.webp\" class=\"attachment-medium size-medium wp-post-image\" alt=\"Souverainet\u00e9 alimentaire\" srcset=\"https:\/\/www.saldac.ch\/wp-content\/uploads\/2026\/02\/souverainete-alimentaire-300x117.webp 300w, https:\/\/www.saldac.ch\/wp-content\/uploads\/2026\/02\/souverainete-alimentaire-1030x401.webp 1030w, https:\/\/www.saldac.ch\/wp-content\/uploads\/2026\/02\/souverainete-alimentaire-768x299.webp 768w, https:\/\/www.saldac.ch\/wp-content\/uploads\/2026\/02\/souverainete-alimentaire-1536x597.webp 1536w, https:\/\/www.saldac.ch\/wp-content\/uploads\/2026\/02\/souverainete-alimentaire-18x7.webp 18w, https:\/\/www.saldac.ch\/wp-content\/uploads\/2026\/02\/souverainete-alimentaire-450x175.webp 450w, https:\/\/www.saldac.ch\/wp-content\/uploads\/2026\/02\/souverainete-alimentaire-800x311.webp 800w, https:\/\/www.saldac.ch\/wp-content\/uploads\/2026\/02\/souverainete-alimentaire.webp 1800w\" sizes=\"(max-width: 300px) 100vw, 300px\" \/>\t\t\t\t\t\t\t<\/a>\n  \t\t\t\t\t\t\t  \t\t\t\t\t\t\t  \t\t\t\t\t\t<\/div>\n  \t\t\t\t\t\t  \t\t\t\t\t<\/div>\n          \t\t\t\t\t<div class=\"box-text text-center\" >\n\t\t\t\t\t<div class=\"box-text-inner blog-post-inner\">\n\n\t\t\t\t\t\n\t\t\t\t\t\t\t\t\t\t<h5 class=\"post-title is-large\">\n\t\t\t\t\t\t<a href=\"https:\/\/www.saldac.ch\/de\/souverainete-alimentaire\/\" class=\"plain\">Souverainet\u00e9 alimentaire : d\u00e9finition, piliers et enjeux<\/a>\n\t\t\t\t\t<\/h5>\n\t\t\t\t\t\t\t\t\t\t<div class=\"is-divider\"><\/div>\n\t\t\t\t\t\t\t\t\t\t<p class=\"from_the_blog_excerpt\">\n\t\t\t\t\t\t\t\t\t\t\t<\/p>\n\t\t\t\t\t                    \n\t\t\t\t\t\n\t\t\t\t\t\n\t\t\t\t\t<\/div>\n\t\t\t\t\t<\/div>\n\t\t\t\t\t\t\t\t\t<\/div>\n\t\t\t<\/div>\n\t\t<\/div><div class=\"col post-item\" >\n\t\t\t<div class=\"col-inner\">\n\t\t\t\t<div class=\"box box-normal box-text-bottom box-blog-post has-hover\">\n            \t\t\t\t\t<div class=\"box-image\" >\n  \t\t\t\t\t\t<div class=\"image-cover\" style=\"padding-top:140px;\">\n\t\t\t\t\t\t\t<a href=\"https:\/\/www.saldac.ch\/de\/empreinte-carbone\/\" class=\"plain\" aria-label=\"Empreinte carbone : d\u00e9finition et actions pour r\u00e9duire son impact\">\n\t\t\t\t\t\t\t\t<img loading=\"lazy\" decoding=\"async\" width=\"300\" height=\"117\" src=\"https:\/\/www.saldac.ch\/wp-content\/uploads\/2026\/02\/empreinte-carbone-300x117.webp\" class=\"attachment-medium size-medium wp-post-image\" alt=\"Empreinte carbone\" srcset=\"https:\/\/www.saldac.ch\/wp-content\/uploads\/2026\/02\/empreinte-carbone-300x117.webp 300w, https:\/\/www.saldac.ch\/wp-content\/uploads\/2026\/02\/empreinte-carbone-1030x401.webp 1030w, https:\/\/www.saldac.ch\/wp-content\/uploads\/2026\/02\/empreinte-carbone-768x299.webp 768w, https:\/\/www.saldac.ch\/wp-content\/uploads\/2026\/02\/empreinte-carbone-1536x597.webp 1536w, https:\/\/www.saldac.ch\/wp-content\/uploads\/2026\/02\/empreinte-carbone-18x7.webp 18w, https:\/\/www.saldac.ch\/wp-content\/uploads\/2026\/02\/empreinte-carbone-450x175.webp 450w, https:\/\/www.saldac.ch\/wp-content\/uploads\/2026\/02\/empreinte-carbone-800x311.webp 800w, https:\/\/www.saldac.ch\/wp-content\/uploads\/2026\/02\/empreinte-carbone.webp 1800w\" sizes=\"(max-width: 300px) 100vw, 300px\" \/>\t\t\t\t\t\t\t<\/a>\n  \t\t\t\t\t\t\t  \t\t\t\t\t\t\t  \t\t\t\t\t\t<\/div>\n  \t\t\t\t\t\t  \t\t\t\t\t<\/div>\n          \t\t\t\t\t<div class=\"box-text text-center\" >\n\t\t\t\t\t<div class=\"box-text-inner blog-post-inner\">\n\n\t\t\t\t\t\n\t\t\t\t\t\t\t\t\t\t<h5 class=\"post-title is-large\">\n\t\t\t\t\t\t<a href=\"https:\/\/www.saldac.ch\/de\/empreinte-carbone\/\" class=\"plain\">Empreinte carbone : d\u00e9finition et actions pour r\u00e9duire son impact<\/a>\n\t\t\t\t\t<\/h5>\n\t\t\t\t\t\t\t\t\t\t<div class=\"is-divider\"><\/div>\n\t\t\t\t\t\t\t\t\t\t<p class=\"from_the_blog_excerpt\">\n\t\t\t\t\t\t\t\t\t\t\t<\/p>\n\t\t\t\t\t                    \n\t\t\t\t\t\n\t\t\t\t\t\n\t\t\t\t\t<\/div>\n\t\t\t\t\t<\/div>\n\t\t\t\t\t\t\t\t\t<\/div>\n\t\t\t<\/div>\n\t\t<\/div><div class=\"col post-item\" >\n\t\t\t<div class=\"col-inner\">\n\t\t\t\t<div class=\"box box-normal box-text-bottom box-blog-post has-hover\">\n            \t\t\t\t\t<div class=\"box-image\" >\n  \t\t\t\t\t\t<div class=\"image-cover\" style=\"padding-top:140px;\">\n\t\t\t\t\t\t\t<a href=\"https:\/\/www.saldac.ch\/de\/grain-ancien\/\" class=\"plain\" aria-label=\"Comprendre les grains anciens : une exploration des c\u00e9r\u00e9ales oubli\u00e9es\">\n\t\t\t\t\t\t\t\t<img loading=\"lazy\" decoding=\"async\" width=\"300\" height=\"117\" src=\"https:\/\/www.saldac.ch\/wp-content\/uploads\/2026\/01\/grain-ancien-300x117.webp\" class=\"attachment-medium size-medium wp-post-image\" alt=\"grain ancien\" srcset=\"https:\/\/www.saldac.ch\/wp-content\/uploads\/2026\/01\/grain-ancien-300x117.webp 300w, https:\/\/www.saldac.ch\/wp-content\/uploads\/2026\/01\/grain-ancien-1030x401.webp 1030w, https:\/\/www.saldac.ch\/wp-content\/uploads\/2026\/01\/grain-ancien-768x299.webp 768w, https:\/\/www.saldac.ch\/wp-content\/uploads\/2026\/01\/grain-ancien-1536x597.webp 1536w, https:\/\/www.saldac.ch\/wp-content\/uploads\/2026\/01\/grain-ancien-18x7.webp 18w, https:\/\/www.saldac.ch\/wp-content\/uploads\/2026\/01\/grain-ancien-450x175.webp 450w, https:\/\/www.saldac.ch\/wp-content\/uploads\/2026\/01\/grain-ancien-800x311.webp 800w, https:\/\/www.saldac.ch\/wp-content\/uploads\/2026\/01\/grain-ancien.webp 1800w\" sizes=\"(max-width: 300px) 100vw, 300px\" \/>\t\t\t\t\t\t\t<\/a>\n  \t\t\t\t\t\t\t  \t\t\t\t\t\t\t  \t\t\t\t\t\t<\/div>\n  \t\t\t\t\t\t  \t\t\t\t\t<\/div>\n          \t\t\t\t\t<div class=\"box-text text-center\" >\n\t\t\t\t\t<div class=\"box-text-inner blog-post-inner\">\n\n\t\t\t\t\t\n\t\t\t\t\t\t\t\t\t\t<h5 class=\"post-title is-large\">\n\t\t\t\t\t\t<a href=\"https:\/\/www.saldac.ch\/de\/grain-ancien\/\" class=\"plain\">Comprendre les grains anciens : une exploration des c\u00e9r\u00e9ales oubli\u00e9es<\/a>\n\t\t\t\t\t<\/h5>\n\t\t\t\t\t\t\t\t\t\t<div class=\"is-divider\"><\/div>\n\t\t\t\t\t\t\t\t\t\t<p class=\"from_the_blog_excerpt\">\n\t\t\t\t\t\t\t\t\t\t\t<\/p>\n\t\t\t\t\t                    \n\t\t\t\t\t\n\t\t\t\t\t\n\t\t\t\t\t<\/div>\n\t\t\t\t\t<\/div>\n\t\t\t\t\t\t\t\t\t<\/div>\n\t\t\t<\/div>\n\t\t<\/div><div class=\"col post-item\" >\n\t\t\t<div class=\"col-inner\">\n\t\t\t\t<div class=\"box box-normal box-text-bottom box-blog-post has-hover\">\n            \t\t\t\t\t<div class=\"box-image\" >\n  \t\t\t\t\t\t<div class=\"image-cover\" style=\"padding-top:140px;\">\n\t\t\t\t\t\t\t<a href=\"https:\/\/www.saldac.ch\/de\/tracabilite-alimentaire\/\" class=\"plain\" aria-label=\"La tra\u00e7abilit\u00e9 alimentaire : cl\u00e9 de la s\u00e9curit\u00e9 et de la transparence des produits\">\n\t\t\t\t\t\t\t\t<img loading=\"lazy\" decoding=\"async\" width=\"300\" height=\"117\" src=\"https:\/\/www.saldac.ch\/wp-content\/uploads\/2026\/01\/tracabilite-alimentaire-300x117.webp\" class=\"attachment-medium size-medium wp-post-image\" alt=\"tracabilite alimentaire\" srcset=\"https:\/\/www.saldac.ch\/wp-content\/uploads\/2026\/01\/tracabilite-alimentaire-300x117.webp 300w, https:\/\/www.saldac.ch\/wp-content\/uploads\/2026\/01\/tracabilite-alimentaire-1030x401.webp 1030w, https:\/\/www.saldac.ch\/wp-content\/uploads\/2026\/01\/tracabilite-alimentaire-768x299.webp 768w, https:\/\/www.saldac.ch\/wp-content\/uploads\/2026\/01\/tracabilite-alimentaire-1536x597.webp 1536w, https:\/\/www.saldac.ch\/wp-content\/uploads\/2026\/01\/tracabilite-alimentaire-18x7.webp 18w, https:\/\/www.saldac.ch\/wp-content\/uploads\/2026\/01\/tracabilite-alimentaire-450x175.webp 450w, https:\/\/www.saldac.ch\/wp-content\/uploads\/2026\/01\/tracabilite-alimentaire-800x311.webp 800w, https:\/\/www.saldac.ch\/wp-content\/uploads\/2026\/01\/tracabilite-alimentaire.webp 1800w\" sizes=\"(max-width: 300px) 100vw, 300px\" \/>\t\t\t\t\t\t\t<\/a>\n  \t\t\t\t\t\t\t  \t\t\t\t\t\t\t  \t\t\t\t\t\t<\/div>\n  \t\t\t\t\t\t  \t\t\t\t\t<\/div>\n          \t\t\t\t\t<div class=\"box-text text-center\" >\n\t\t\t\t\t<div class=\"box-text-inner blog-post-inner\">\n\n\t\t\t\t\t\n\t\t\t\t\t\t\t\t\t\t<h5 class=\"post-title is-large\">\n\t\t\t\t\t\t<a href=\"https:\/\/www.saldac.ch\/de\/tracabilite-alimentaire\/\" class=\"plain\">La tra\u00e7abilit\u00e9 alimentaire : cl\u00e9 de la s\u00e9curit\u00e9 et de la transparence des produits<\/a>\n\t\t\t\t\t<\/h5>\n\t\t\t\t\t\t\t\t\t\t<div class=\"is-divider\"><\/div>\n\t\t\t\t\t\t\t\t\t\t<p class=\"from_the_blog_excerpt\">\n\t\t\t\t\t\t\t\t\t\t\t<\/p>\n\t\t\t\t\t                    \n\t\t\t\t\t\n\t\t\t\t\t\n\t\t\t\t\t<\/div>\n\t\t\t\t\t<\/div>\n\t\t\t\t\t\t\t\t\t<\/div>\n\t\t\t<\/div>\n\t\t<\/div><\/div>\n\t\t<\/div>\n\t\t\t\t\t<\/div>\n\n\t\n<\/div>","protected":false},"excerpt":{"rendered":"","protected":false},"author":543,"featured_media":0,"parent":0,"menu_order":0,"comment_status":"closed","ping_status":"closed","template":"","meta":{"inline_featured_image":false,"footnotes":""},"_links":{"self":[{"href":"https:\/\/www.saldac.ch\/de\/wp-json\/wp\/v2\/pages\/14793"}],"collection":[{"href":"https:\/\/www.saldac.ch\/de\/wp-json\/wp\/v2\/pages"}],"about":[{"href":"https:\/\/www.saldac.ch\/de\/wp-json\/wp\/v2\/types\/page"}],"author":[{"embeddable":true,"href":"https:\/\/www.saldac.ch\/de\/wp-json\/wp\/v2\/users\/543"}],"replies":[{"embeddable":true,"href":"https:\/\/www.saldac.ch\/de\/wp-json\/wp\/v2\/comments?post=14793"}],"version-history":[{"count":30,"href":"https:\/\/www.saldac.ch\/de\/wp-json\/wp\/v2\/pages\/14793\/revisions"}],"predecessor-version":[{"id":16264,"href":"https:\/\/www.saldac.ch\/de\/wp-json\/wp\/v2\/pages\/14793\/revisions\/16264"}],"wp:attachment":[{"href":"https:\/\/www.saldac.ch\/de\/wp-json\/wp\/v2\/media?parent=14793"}],"curies":[{"name":"wp","href":"https:\/\/api.w.org\/{rel}","templated":true}]}}